{"id":2179,"date":"2018-09-03T13:20:20","date_gmt":"2018-09-03T11:20:20","guid":{"rendered":"https:\/\/www.freizeit-pso.at\/?post_type=portfolio&#038;p=2179"},"modified":"2026-08-31T15:17:46","modified_gmt":"2026-08-31T13:17:46","slug":"holiday-camp-for-teenagers-with-learning-disabilities","status":"publish","type":"portfolio","link":"https:\/\/www.freizeit-pso.at\/en\/specials\/holiday-camp-for-teenagers-with-learning-disabilities\/","title":{"rendered":"Holiday camp for teenagers with learning disabilities"},"content":{"rendered":"<p>[vc_row][vc_column width=&#8221;1\/2&#8243;]<div id=\"cz_71063\" class=\"cz_71063 slick arrows_mlr dots_bc dots_circle dots_inner arrows_inner arrows_show_on_hover is_center\" data-slick='{\"selector\":\"\",\"slidesToShow\":1,\"slidesToScroll\":1,\"rows\":1,\"fade\":false,\"vertical\":false,\"verticalSwiping\":false,\"infinite\":true,\"speed\":1000,\"centerMode\":true,\"centerPadding\":\"\",\"variableWidth\":false,\"autoplay\":false,\"autoplaySpeed\":4000,\"dots\":true,\"adaptiveHeight\":true,\"prevArrow\":\"<button type=\\\"button\\\" class=\\\"slick-prev\\\"><i class=\\\"fa fa-chevron-left\\\"><\\\/i><\\\/button>\",\"nextArrow\":\"<button type=\\\"button\\\" class=\\\"slick-next\\\"><i class=\\\"fa fa-chevron-right\\\"><\\\/i><\\\/button>\",\"responsive\":[{\"breakpoint\":768,\"settings\":{\"slidesToShow\":1,\"slidesToScroll\":1,\"touchMove\":true}},{\"breakpoint\":480,\"settings\":{\"slidesToShow\":1,\"slidesToScroll\":1,\"touchMove\":true}}]}'><div id=\"cz_70875\" class=\"cz_70875 cz_image\"><div class=\"\"><div class=\"cz_image_in\"><div class=\"cz_main_image cz_\"><a href=\"https:\/\/www.freizeit-pso.at\/wp-content\/uploads\/2018\/09\/Hochseilgarten2.jpg\" ><img width=\"1836\" height=\"1328\" src=\"https:\/\/www.freizeit-pso.at\/wp-content\/uploads\/2018\/09\/Hochseilgarten2.jpg\" class=\"attachment-full\" alt=\"\" decoding=\"async\" loading=\"lazy\" srcset=\"https:\/\/www.freizeit-pso.at\/wp-content\/uploads\/2018\/09\/Hochseilgarten2.jpg 1836w, https:\/\/www.freizeit-pso.at\/wp-content\/uploads\/2018\/09\/Hochseilgarten2-300x217.jpg 300w, https:\/\/www.freizeit-pso.at\/wp-content\/uploads\/2018\/09\/Hochseilgarten2-1024x741.jpg 1024w, https:\/\/www.freizeit-pso.at\/wp-content\/uploads\/2018\/09\/Hochseilgarten2-768x556.jpg 768w, https:\/\/www.freizeit-pso.at\/wp-content\/uploads\/2018\/09\/Hochseilgarten2-1536x1111.jpg 1536w, https:\/\/www.freizeit-pso.at\/wp-content\/uploads\/2018\/09\/Hochseilgarten2-600x434.jpg 600w\" sizes=\"(max-width: 1836px) 100vw, 1836px\" title=\"Hochseilgarten2\" \/><\/a><\/div><div class=\"cz_hover_image cz_op_100\"><a href=\"https:\/\/www.freizeit-pso.at\/wp-content\/uploads\/2018\/09\/Hochseilgarten2.jpg\" ><img width=\"1836\" height=\"1328\" src=\"https:\/\/www.freizeit-pso.at\/wp-content\/uploads\/2018\/09\/Hochseilgarten2.jpg\" class=\"attachment-full\" alt=\"\" decoding=\"async\" loading=\"lazy\" srcset=\"https:\/\/www.freizeit-pso.at\/wp-content\/uploads\/2018\/09\/Hochseilgarten2.jpg 1836w, https:\/\/www.freizeit-pso.at\/wp-content\/uploads\/2018\/09\/Hochseilgarten2-300x217.jpg 300w, https:\/\/www.freizeit-pso.at\/wp-content\/uploads\/2018\/09\/Hochseilgarten2-1024x741.jpg 1024w, https:\/\/www.freizeit-pso.at\/wp-content\/uploads\/2018\/09\/Hochseilgarten2-768x556.jpg 768w, https:\/\/www.freizeit-pso.at\/wp-content\/uploads\/2018\/09\/Hochseilgarten2-1536x1111.jpg 1536w, https:\/\/www.freizeit-pso.at\/wp-content\/uploads\/2018\/09\/Hochseilgarten2-600x434.jpg 600w\" sizes=\"(max-width: 1836px) 100vw, 1836px\" title=\"Hochseilgarten2\" \/><\/a><\/div><\/div><\/div><\/div><div id=\"cz_85072\" class=\"cz_85072 cz_image\"><div class=\"\"><div class=\"cz_image_in\"><div class=\"cz_main_image cz_\"><a href=\"https:\/\/www.freizeit-pso.at\/wp-content\/uploads\/2018\/09\/Dachstein-1.jpg\" ><img width=\"1836\" height=\"1328\" src=\"https:\/\/www.freizeit-pso.at\/wp-content\/uploads\/2018\/09\/Dachstein-1.jpg\" class=\"attachment-full\" alt=\"\" decoding=\"async\" loading=\"lazy\" srcset=\"https:\/\/www.freizeit-pso.at\/wp-content\/uploads\/2018\/09\/Dachstein-1.jpg 1836w, https:\/\/www.freizeit-pso.at\/wp-content\/uploads\/2018\/09\/Dachstein-1-300x217.jpg 300w, https:\/\/www.freizeit-pso.at\/wp-content\/uploads\/2018\/09\/Dachstein-1-1024x741.jpg 1024w, https:\/\/www.freizeit-pso.at\/wp-content\/uploads\/2018\/09\/Dachstein-1-768x556.jpg 768w, https:\/\/www.freizeit-pso.at\/wp-content\/uploads\/2018\/09\/Dachstein-1-1536x1111.jpg 1536w, https:\/\/www.freizeit-pso.at\/wp-content\/uploads\/2018\/09\/Dachstein-1-600x434.jpg 600w\" sizes=\"(max-width: 1836px) 100vw, 1836px\" title=\"Dachstein\" \/><\/a><\/div><div class=\"cz_hover_image cz_op_100\"><a href=\"https:\/\/www.freizeit-pso.at\/wp-content\/uploads\/2018\/09\/Dachstein-1.jpg\" ><img width=\"1836\" height=\"1328\" src=\"https:\/\/www.freizeit-pso.at\/wp-content\/uploads\/2018\/09\/Dachstein-1.jpg\" class=\"attachment-full\" alt=\"\" decoding=\"async\" loading=\"lazy\" srcset=\"https:\/\/www.freizeit-pso.at\/wp-content\/uploads\/2018\/09\/Dachstein-1.jpg 1836w, https:\/\/www.freizeit-pso.at\/wp-content\/uploads\/2018\/09\/Dachstein-1-300x217.jpg 300w, https:\/\/www.freizeit-pso.at\/wp-content\/uploads\/2018\/09\/Dachstein-1-1024x741.jpg 1024w, https:\/\/www.freizeit-pso.at\/wp-content\/uploads\/2018\/09\/Dachstein-1-768x556.jpg 768w, https:\/\/www.freizeit-pso.at\/wp-content\/uploads\/2018\/09\/Dachstein-1-1536x1111.jpg 1536w, https:\/\/www.freizeit-pso.at\/wp-content\/uploads\/2018\/09\/Dachstein-1-600x434.jpg 600w\" sizes=\"(max-width: 1836px) 100vw, 1836px\" title=\"Dachstein\" \/><\/a><\/div><\/div><\/div><\/div><div id=\"cz_48461\" class=\"cz_48461 cz_image\"><div class=\"\"><div class=\"cz_image_in\"><div class=\"cz_main_image cz_\"><a href=\"https:\/\/www.freizeit-pso.at\/wp-content\/uploads\/2018\/09\/Zipline.jpg\" ><img width=\"1836\" height=\"1328\" src=\"https:\/\/www.freizeit-pso.at\/wp-content\/uploads\/2018\/09\/Zipline.jpg\" class=\"attachment-full\" alt=\"\" decoding=\"async\" loading=\"lazy\" srcset=\"https:\/\/www.freizeit-pso.at\/wp-content\/uploads\/2018\/09\/Zipline.jpg 1836w, https:\/\/www.freizeit-pso.at\/wp-content\/uploads\/2018\/09\/Zipline-300x217.jpg 300w, https:\/\/www.freizeit-pso.at\/wp-content\/uploads\/2018\/09\/Zipline-1024x741.jpg 1024w, https:\/\/www.freizeit-pso.at\/wp-content\/uploads\/2018\/09\/Zipline-768x556.jpg 768w, https:\/\/www.freizeit-pso.at\/wp-content\/uploads\/2018\/09\/Zipline-1536x1111.jpg 1536w, https:\/\/www.freizeit-pso.at\/wp-content\/uploads\/2018\/09\/Zipline-600x434.jpg 600w\" sizes=\"(max-width: 1836px) 100vw, 1836px\" title=\"Zipline\" \/><\/a><\/div><div class=\"cz_hover_image cz_op_100\"><a href=\"https:\/\/www.freizeit-pso.at\/wp-content\/uploads\/2018\/09\/Zipline.jpg\" ><img width=\"1836\" height=\"1328\" src=\"https:\/\/www.freizeit-pso.at\/wp-content\/uploads\/2018\/09\/Zipline.jpg\" class=\"attachment-full\" alt=\"\" decoding=\"async\" loading=\"lazy\" srcset=\"https:\/\/www.freizeit-pso.at\/wp-content\/uploads\/2018\/09\/Zipline.jpg 1836w, https:\/\/www.freizeit-pso.at\/wp-content\/uploads\/2018\/09\/Zipline-300x217.jpg 300w, https:\/\/www.freizeit-pso.at\/wp-content\/uploads\/2018\/09\/Zipline-1024x741.jpg 1024w, https:\/\/www.freizeit-pso.at\/wp-content\/uploads\/2018\/09\/Zipline-768x556.jpg 768w, https:\/\/www.freizeit-pso.at\/wp-content\/uploads\/2018\/09\/Zipline-1536x1111.jpg 1536w, https:\/\/www.freizeit-pso.at\/wp-content\/uploads\/2018\/09\/Zipline-600x434.jpg 600w\" sizes=\"(max-width: 1836px) 100vw, 1836px\" title=\"Zipline\" \/><\/a><\/div><\/div><\/div><\/div><div id=\"cz_61480\" class=\"cz_61480 cz_image\"><div class=\"\"><div class=\"cz_image_in\"><div class=\"cz_main_image cz_\"><a href=\"https:\/\/www.freizeit-pso.at\/wp-content\/uploads\/2018\/09\/Wandern-1.jpg\" ><img width=\"1836\" height=\"1328\" src=\"https:\/\/www.freizeit-pso.at\/wp-content\/uploads\/2018\/09\/Wandern-1.jpg\" class=\"attachment-full\" alt=\"\" decoding=\"async\" loading=\"lazy\" srcset=\"https:\/\/www.freizeit-pso.at\/wp-content\/uploads\/2018\/09\/Wandern-1.jpg 1836w, https:\/\/www.freizeit-pso.at\/wp-content\/uploads\/2018\/09\/Wandern-1-300x217.jpg 300w, https:\/\/www.freizeit-pso.at\/wp-content\/uploads\/2018\/09\/Wandern-1-1024x741.jpg 1024w, https:\/\/www.freizeit-pso.at\/wp-content\/uploads\/2018\/09\/Wandern-1-768x556.jpg 768w, https:\/\/www.freizeit-pso.at\/wp-content\/uploads\/2018\/09\/Wandern-1-1536x1111.jpg 1536w, https:\/\/www.freizeit-pso.at\/wp-content\/uploads\/2018\/09\/Wandern-1-600x434.jpg 600w\" sizes=\"(max-width: 1836px) 100vw, 1836px\" title=\"Wandern\" \/><\/a><\/div><div class=\"cz_hover_image cz_op_100\"><a href=\"https:\/\/www.freizeit-pso.at\/wp-content\/uploads\/2018\/09\/Wandern-1.jpg\" ><img width=\"1836\" height=\"1328\" src=\"https:\/\/www.freizeit-pso.at\/wp-content\/uploads\/2018\/09\/Wandern-1.jpg\" class=\"attachment-full\" alt=\"\" decoding=\"async\" loading=\"lazy\" srcset=\"https:\/\/www.freizeit-pso.at\/wp-content\/uploads\/2018\/09\/Wandern-1.jpg 1836w, https:\/\/www.freizeit-pso.at\/wp-content\/uploads\/2018\/09\/Wandern-1-300x217.jpg 300w, https:\/\/www.freizeit-pso.at\/wp-content\/uploads\/2018\/09\/Wandern-1-1024x741.jpg 1024w, https:\/\/www.freizeit-pso.at\/wp-content\/uploads\/2018\/09\/Wandern-1-768x556.jpg 768w, https:\/\/www.freizeit-pso.at\/wp-content\/uploads\/2018\/09\/Wandern-1-1536x1111.jpg 1536w, https:\/\/www.freizeit-pso.at\/wp-content\/uploads\/2018\/09\/Wandern-1-600x434.jpg 600w\" sizes=\"(max-width: 1836px) 100vw, 1836px\" title=\"Wandern\" \/><\/a><\/div><\/div><\/div><\/div><div id=\"cz_77321\" class=\"cz_77321 cz_image\"><div class=\"\"><div class=\"cz_image_in\"><div class=\"cz_main_image cz_\"><a href=\"https:\/\/www.freizeit-pso.at\/wp-content\/uploads\/2018\/09\/Spielplatz.jpg\" ><img width=\"1836\" height=\"1328\" src=\"https:\/\/www.freizeit-pso.at\/wp-content\/uploads\/2018\/09\/Spielplatz.jpg\" class=\"attachment-full\" alt=\"\" decoding=\"async\" loading=\"lazy\" srcset=\"https:\/\/www.freizeit-pso.at\/wp-content\/uploads\/2018\/09\/Spielplatz.jpg 1836w, https:\/\/www.freizeit-pso.at\/wp-content\/uploads\/2018\/09\/Spielplatz-300x217.jpg 300w, https:\/\/www.freizeit-pso.at\/wp-content\/uploads\/2018\/09\/Spielplatz-1024x741.jpg 1024w, https:\/\/www.freizeit-pso.at\/wp-content\/uploads\/2018\/09\/Spielplatz-768x556.jpg 768w, https:\/\/www.freizeit-pso.at\/wp-content\/uploads\/2018\/09\/Spielplatz-1536x1111.jpg 1536w, https:\/\/www.freizeit-pso.at\/wp-content\/uploads\/2018\/09\/Spielplatz-600x434.jpg 600w\" sizes=\"(max-width: 1836px) 100vw, 1836px\" title=\"Spielplatz\" \/><\/a><\/div><div class=\"cz_hover_image cz_op_100\"><a href=\"https:\/\/www.freizeit-pso.at\/wp-content\/uploads\/2018\/09\/Spielplatz.jpg\" ><img width=\"1836\" height=\"1328\" src=\"https:\/\/www.freizeit-pso.at\/wp-content\/uploads\/2018\/09\/Spielplatz.jpg\" class=\"attachment-full\" alt=\"\" decoding=\"async\" loading=\"lazy\" srcset=\"https:\/\/www.freizeit-pso.at\/wp-content\/uploads\/2018\/09\/Spielplatz.jpg 1836w, https:\/\/www.freizeit-pso.at\/wp-content\/uploads\/2018\/09\/Spielplatz-300x217.jpg 300w, https:\/\/www.freizeit-pso.at\/wp-content\/uploads\/2018\/09\/Spielplatz-1024x741.jpg 1024w, https:\/\/www.freizeit-pso.at\/wp-content\/uploads\/2018\/09\/Spielplatz-768x556.jpg 768w, https:\/\/www.freizeit-pso.at\/wp-content\/uploads\/2018\/09\/Spielplatz-1536x1111.jpg 1536w, https:\/\/www.freizeit-pso.at\/wp-content\/uploads\/2018\/09\/Spielplatz-600x434.jpg 600w\" sizes=\"(max-width: 1836px) 100vw, 1836px\" title=\"Spielplatz\" \/><\/a><\/div><\/div><\/div><\/div><div id=\"cz_77067\" class=\"cz_77067 cz_image\"><div class=\"\"><div class=\"cz_image_in\"><div class=\"cz_main_image cz_\"><a href=\"https:\/\/www.freizeit-pso.at\/wp-content\/uploads\/2018\/09\/Sommerrodeln.jpg\" ><img width=\"1836\" height=\"1328\" src=\"https:\/\/www.freizeit-pso.at\/wp-content\/uploads\/2018\/09\/Sommerrodeln.jpg\" class=\"attachment-full\" alt=\"\" decoding=\"async\" loading=\"lazy\" srcset=\"https:\/\/www.freizeit-pso.at\/wp-content\/uploads\/2018\/09\/Sommerrodeln.jpg 1836w, https:\/\/www.freizeit-pso.at\/wp-content\/uploads\/2018\/09\/Sommerrodeln-300x217.jpg 300w, https:\/\/www.freizeit-pso.at\/wp-content\/uploads\/2018\/09\/Sommerrodeln-1024x741.jpg 1024w, https:\/\/www.freizeit-pso.at\/wp-content\/uploads\/2018\/09\/Sommerrodeln-768x556.jpg 768w, https:\/\/www.freizeit-pso.at\/wp-content\/uploads\/2018\/09\/Sommerrodeln-1536x1111.jpg 1536w, https:\/\/www.freizeit-pso.at\/wp-content\/uploads\/2018\/09\/Sommerrodeln-600x434.jpg 600w\" sizes=\"(max-width: 1836px) 100vw, 1836px\" title=\"Sommerrodeln\" \/><\/a><\/div><div class=\"cz_hover_image cz_op_100\"><a href=\"https:\/\/www.freizeit-pso.at\/wp-content\/uploads\/2018\/09\/Sommerrodeln.jpg\" ><img width=\"1836\" height=\"1328\" src=\"https:\/\/www.freizeit-pso.at\/wp-content\/uploads\/2018\/09\/Sommerrodeln.jpg\" class=\"attachment-full\" alt=\"\" decoding=\"async\" loading=\"lazy\" srcset=\"https:\/\/www.freizeit-pso.at\/wp-content\/uploads\/2018\/09\/Sommerrodeln.jpg 1836w, https:\/\/www.freizeit-pso.at\/wp-content\/uploads\/2018\/09\/Sommerrodeln-300x217.jpg 300w, https:\/\/www.freizeit-pso.at\/wp-content\/uploads\/2018\/09\/Sommerrodeln-1024x741.jpg 1024w, https:\/\/www.freizeit-pso.at\/wp-content\/uploads\/2018\/09\/Sommerrodeln-768x556.jpg 768w, https:\/\/www.freizeit-pso.at\/wp-content\/uploads\/2018\/09\/Sommerrodeln-1536x1111.jpg 1536w, https:\/\/www.freizeit-pso.at\/wp-content\/uploads\/2018\/09\/Sommerrodeln-600x434.jpg 600w\" sizes=\"(max-width: 1836px) 100vw, 1836px\" title=\"Sommerrodeln\" \/><\/a><\/div><\/div><\/div><\/div><div id=\"cz_51176\" class=\"cz_51176 cz_image\"><div class=\"\"><div class=\"cz_image_in\"><div class=\"cz_main_image cz_\"><a href=\"https:\/\/www.freizeit-pso.at\/wp-content\/uploads\/2018\/09\/Pitpat.jpg\" ><img width=\"1836\" height=\"1328\" src=\"https:\/\/www.freizeit-pso.at\/wp-content\/uploads\/2018\/09\/Pitpat.jpg\" class=\"attachment-full\" alt=\"\" decoding=\"async\" loading=\"lazy\" srcset=\"https:\/\/www.freizeit-pso.at\/wp-content\/uploads\/2018\/09\/Pitpat.jpg 1836w, https:\/\/www.freizeit-pso.at\/wp-content\/uploads\/2018\/09\/Pitpat-300x217.jpg 300w, https:\/\/www.freizeit-pso.at\/wp-content\/uploads\/2018\/09\/Pitpat-1024x741.jpg 1024w, https:\/\/www.freizeit-pso.at\/wp-content\/uploads\/2018\/09\/Pitpat-768x556.jpg 768w, https:\/\/www.freizeit-pso.at\/wp-content\/uploads\/2018\/09\/Pitpat-1536x1111.jpg 1536w, https:\/\/www.freizeit-pso.at\/wp-content\/uploads\/2018\/09\/Pitpat-600x434.jpg 600w\" sizes=\"(max-width: 1836px) 100vw, 1836px\" title=\"Pitpat\" \/><\/a><\/div><div class=\"cz_hover_image cz_op_100\"><a href=\"https:\/\/www.freizeit-pso.at\/wp-content\/uploads\/2018\/09\/Pitpat.jpg\" ><img width=\"1836\" height=\"1328\" src=\"https:\/\/www.freizeit-pso.at\/wp-content\/uploads\/2018\/09\/Pitpat.jpg\" class=\"attachment-full\" alt=\"\" decoding=\"async\" loading=\"lazy\" srcset=\"https:\/\/www.freizeit-pso.at\/wp-content\/uploads\/2018\/09\/Pitpat.jpg 1836w, https:\/\/www.freizeit-pso.at\/wp-content\/uploads\/2018\/09\/Pitpat-300x217.jpg 300w, https:\/\/www.freizeit-pso.at\/wp-content\/uploads\/2018\/09\/Pitpat-1024x741.jpg 1024w, https:\/\/www.freizeit-pso.at\/wp-content\/uploads\/2018\/09\/Pitpat-768x556.jpg 768w, https:\/\/www.freizeit-pso.at\/wp-content\/uploads\/2018\/09\/Pitpat-1536x1111.jpg 1536w, https:\/\/www.freizeit-pso.at\/wp-content\/uploads\/2018\/09\/Pitpat-600x434.jpg 600w\" sizes=\"(max-width: 1836px) 100vw, 1836px\" title=\"Pitpat\" \/><\/a><\/div><\/div><\/div><\/div><div id=\"cz_23345\" class=\"cz_23345 cz_image\"><div class=\"\"><div class=\"cz_image_in\"><div class=\"cz_main_image cz_\"><a href=\"https:\/\/www.freizeit-pso.at\/wp-content\/uploads\/2018\/09\/Kajak-1.jpg\" ><img width=\"1836\" height=\"1328\" src=\"https:\/\/www.freizeit-pso.at\/wp-content\/uploads\/2018\/09\/Kajak-1.jpg\" class=\"attachment-full\" alt=\"\" decoding=\"async\" loading=\"lazy\" srcset=\"https:\/\/www.freizeit-pso.at\/wp-content\/uploads\/2018\/09\/Kajak-1.jpg 1836w, https:\/\/www.freizeit-pso.at\/wp-content\/uploads\/2018\/09\/Kajak-1-300x217.jpg 300w, https:\/\/www.freizeit-pso.at\/wp-content\/uploads\/2018\/09\/Kajak-1-1024x741.jpg 1024w, https:\/\/www.freizeit-pso.at\/wp-content\/uploads\/2018\/09\/Kajak-1-768x556.jpg 768w, https:\/\/www.freizeit-pso.at\/wp-content\/uploads\/2018\/09\/Kajak-1-1536x1111.jpg 1536w, https:\/\/www.freizeit-pso.at\/wp-content\/uploads\/2018\/09\/Kajak-1-600x434.jpg 600w\" sizes=\"(max-width: 1836px) 100vw, 1836px\" title=\"Kajak\" \/><\/a><\/div><div class=\"cz_hover_image cz_op_100\"><a href=\"https:\/\/www.freizeit-pso.at\/wp-content\/uploads\/2018\/09\/Kajak-1.jpg\" ><img width=\"1836\" height=\"1328\" src=\"https:\/\/www.freizeit-pso.at\/wp-content\/uploads\/2018\/09\/Kajak-1.jpg\" class=\"attachment-full\" alt=\"\" decoding=\"async\" loading=\"lazy\" srcset=\"https:\/\/www.freizeit-pso.at\/wp-content\/uploads\/2018\/09\/Kajak-1.jpg 1836w, https:\/\/www.freizeit-pso.at\/wp-content\/uploads\/2018\/09\/Kajak-1-300x217.jpg 300w, https:\/\/www.freizeit-pso.at\/wp-content\/uploads\/2018\/09\/Kajak-1-1024x741.jpg 1024w, https:\/\/www.freizeit-pso.at\/wp-content\/uploads\/2018\/09\/Kajak-1-768x556.jpg 768w, https:\/\/www.freizeit-pso.at\/wp-content\/uploads\/2018\/09\/Kajak-1-1536x1111.jpg 1536w, https:\/\/www.freizeit-pso.at\/wp-content\/uploads\/2018\/09\/Kajak-1-600x434.jpg 600w\" sizes=\"(max-width: 1836px) 100vw, 1836px\" title=\"Kajak\" \/><\/a><\/div><\/div><\/div><\/div><div id=\"cz_97411\" class=\"cz_97411 cz_image\"><div class=\"\"><div class=\"cz_image_in\"><div class=\"cz_main_image cz_\"><a href=\"https:\/\/www.freizeit-pso.at\/wp-content\/uploads\/2018\/09\/Gruppenbild.jpg\" ><img width=\"1836\" height=\"1328\" src=\"https:\/\/www.freizeit-pso.at\/wp-content\/uploads\/2018\/09\/Gruppenbild.jpg\" class=\"attachment-full\" alt=\"\" decoding=\"async\" loading=\"lazy\" srcset=\"https:\/\/www.freizeit-pso.at\/wp-content\/uploads\/2018\/09\/Gruppenbild.jpg 1836w, https:\/\/www.freizeit-pso.at\/wp-content\/uploads\/2018\/09\/Gruppenbild-300x217.jpg 300w, https:\/\/www.freizeit-pso.at\/wp-content\/uploads\/2018\/09\/Gruppenbild-1024x741.jpg 1024w, https:\/\/www.freizeit-pso.at\/wp-content\/uploads\/2018\/09\/Gruppenbild-768x556.jpg 768w, https:\/\/www.freizeit-pso.at\/wp-content\/uploads\/2018\/09\/Gruppenbild-1536x1111.jpg 1536w, https:\/\/www.freizeit-pso.at\/wp-content\/uploads\/2018\/09\/Gruppenbild-600x434.jpg 600w\" sizes=\"(max-width: 1836px) 100vw, 1836px\" title=\"Gruppenbild\" \/><\/a><\/div><div class=\"cz_hover_image cz_op_100\"><a href=\"https:\/\/www.freizeit-pso.at\/wp-content\/uploads\/2018\/09\/Gruppenbild.jpg\" ><img width=\"1836\" height=\"1328\" src=\"https:\/\/www.freizeit-pso.at\/wp-content\/uploads\/2018\/09\/Gruppenbild.jpg\" class=\"attachment-full\" alt=\"\" decoding=\"async\" loading=\"lazy\" srcset=\"https:\/\/www.freizeit-pso.at\/wp-content\/uploads\/2018\/09\/Gruppenbild.jpg 1836w, https:\/\/www.freizeit-pso.at\/wp-content\/uploads\/2018\/09\/Gruppenbild-300x217.jpg 300w, https:\/\/www.freizeit-pso.at\/wp-content\/uploads\/2018\/09\/Gruppenbild-1024x741.jpg 1024w, https:\/\/www.freizeit-pso.at\/wp-content\/uploads\/2018\/09\/Gruppenbild-768x556.jpg 768w, https:\/\/www.freizeit-pso.at\/wp-content\/uploads\/2018\/09\/Gruppenbild-1536x1111.jpg 1536w, https:\/\/www.freizeit-pso.at\/wp-content\/uploads\/2018\/09\/Gruppenbild-600x434.jpg 600w\" sizes=\"(max-width: 1836px) 100vw, 1836px\" title=\"Gruppenbild\" \/><\/a><\/div><\/div><\/div><\/div><div id=\"cz_27780\" class=\"cz_27780 cz_image\"><div class=\"\"><div class=\"cz_image_in\"><div class=\"cz_main_image cz_\"><a href=\"https:\/\/www.freizeit-pso.at\/wp-content\/uploads\/2018\/09\/Hochseilgarten.jpg\" ><img width=\"1836\" height=\"1328\" src=\"https:\/\/www.freizeit-pso.at\/wp-content\/uploads\/2018\/09\/Hochseilgarten.jpg\" class=\"attachment-full\" alt=\"\" decoding=\"async\" loading=\"lazy\" srcset=\"https:\/\/www.freizeit-pso.at\/wp-content\/uploads\/2018\/09\/Hochseilgarten.jpg 1836w, https:\/\/www.freizeit-pso.at\/wp-content\/uploads\/2018\/09\/Hochseilgarten-300x217.jpg 300w, https:\/\/www.freizeit-pso.at\/wp-content\/uploads\/2018\/09\/Hochseilgarten-1024x741.jpg 1024w, https:\/\/www.freizeit-pso.at\/wp-content\/uploads\/2018\/09\/Hochseilgarten-768x556.jpg 768w, https:\/\/www.freizeit-pso.at\/wp-content\/uploads\/2018\/09\/Hochseilgarten-1536x1111.jpg 1536w, https:\/\/www.freizeit-pso.at\/wp-content\/uploads\/2018\/09\/Hochseilgarten-600x434.jpg 600w\" sizes=\"(max-width: 1836px) 100vw, 1836px\" title=\"Hochseilgarten\" \/><\/a><\/div><div class=\"cz_hover_image cz_op_100\"><a href=\"https:\/\/www.freizeit-pso.at\/wp-content\/uploads\/2018\/09\/Hochseilgarten.jpg\" ><img width=\"1836\" height=\"1328\" src=\"https:\/\/www.freizeit-pso.at\/wp-content\/uploads\/2018\/09\/Hochseilgarten.jpg\" class=\"attachment-full\" alt=\"\" decoding=\"async\" loading=\"lazy\" srcset=\"https:\/\/www.freizeit-pso.at\/wp-content\/uploads\/2018\/09\/Hochseilgarten.jpg 1836w, https:\/\/www.freizeit-pso.at\/wp-content\/uploads\/2018\/09\/Hochseilgarten-300x217.jpg 300w, https:\/\/www.freizeit-pso.at\/wp-content\/uploads\/2018\/09\/Hochseilgarten-1024x741.jpg 1024w, https:\/\/www.freizeit-pso.at\/wp-content\/uploads\/2018\/09\/Hochseilgarten-768x556.jpg 768w, https:\/\/www.freizeit-pso.at\/wp-content\/uploads\/2018\/09\/Hochseilgarten-1536x1111.jpg 1536w, https:\/\/www.freizeit-pso.at\/wp-content\/uploads\/2018\/09\/Hochseilgarten-600x434.jpg 600w\" sizes=\"(max-width: 1836px) 100vw, 1836px\" title=\"Hochseilgarten\" \/><\/a><\/div><\/div><\/div><\/div><\/div><div><\/div>[\/vc_column][vc_column width=&#8221;1\/2&#8243;]<div id=\"cz_45512\" class=\"cz_45512 cz_title clr cz_title_pos_inline\"><div class=\"cz_title_content\"><div class=\"cz_wpe_content\"><h3><strong>Holiday camp for teenagers with learning disabilities<\/strong><br \/>\nfrom 25.07. &#8211; 30.07.2027\u00a0<span style=\"color: #ff0000;\"><br \/>\n<\/span><\/h3>\n<\/div><\/div><\/div><div class=\"cz_gap clr  hide_on_tablet hide_on_mobile\" style=\"height: 20px\"><\/div><div class=\"cz_gap show_on_tablet clr  show_only_tablet\" style=\"height: 20px\"><\/div><div class=\"cz_gap show_on_mobile clr\" style=\"height: 20px\"><\/div><div id=\"cz_72802\" class=\"cz_72802 cz_title clr cz_title_pos_inline\"><div class=\"cz_title_content\"><div class=\"cz_wpe_content\"><p><strong>With 24 hour support<\/strong><\/p>\n<p>Departure into adventure &#8211; boredom forbidden! You are from 14 years old, have a learning disability and want to spend an exciting holiday without your parents? Then you&#8217;ve come to the right place! In a suitable group you can meet new friends and experience a lot of action while hiking, climbing, rafting and much more together.<\/p>\n<p>The positive side effects of fun and adventure in nature: increasing self-confidence, experiencing and accepting nature, improving mobility, increasing concentration, discovering new possibilities and overcoming limits.<\/p>\n<p><strong>Suitable for:<\/strong> Adolescents and young adults with a learning disability<\/p>\n<\/div><\/div><\/div>[vc_row_inner][vc_column_inner]<div id=\"cz_50745\" class=\"cz_50745 slick arrows_mlr dots_bc dots_circle dots_inner dots_show_on_hover arrows_inner arrows_show_on_hover\" data-slick='{\"selector\":\"\",\"slidesToShow\":8,\"slidesToScroll\":1,\"rows\":1,\"fade\":false,\"vertical\":false,\"verticalSwiping\":false,\"infinite\":true,\"speed\":1000,\"centerMode\":false,\"centerPadding\":\"\",\"variableWidth\":false,\"autoplay\":false,\"autoplaySpeed\":4000,\"dots\":true,\"adaptiveHeight\":true,\"prevArrow\":\"<button type=\\\"button\\\" class=\\\"slick-prev\\\"><i class=\\\"fa fa-chevron-left\\\"><\\\/i><\\\/button>\",\"nextArrow\":\"<button type=\\\"button\\\" class=\\\"slick-next\\\"><i class=\\\"fa fa-chevron-right\\\"><\\\/i><\\\/button>\",\"responsive\":[{\"breakpoint\":768,\"settings\":{\"slidesToShow\":5,\"slidesToScroll\":1,\"touchMove\":true}},{\"breakpoint\":480,\"settings\":{\"slidesToShow\":5,\"slidesToScroll\":1,\"touchMove\":true}}]}'><div id=\"cz_109212\" class=\"cz_109212\"><div class=\"cz_grid cz_grid_1 clr cz_grid_carousel cz_grid_1_no_hover cz_grid_1_mid tac\"><div class=\"cz_grid_item cz_grid_first\"><\/div><div class=\"cz_grid_item cz_gallery2\"><div><a title=\"People with learning disabilities\" class=\"cz_grid_link \" href=\"#no\" target=\"_blank\"><img width=\"1\" height=\"1\" src=\"https:\/\/www.freizeit-pso.at\/wp-content\/uploads\/2018\/09\/lern.svg\" class=\"attachment-full\" alt=\"Menschen mit Lernbehinderungs\" decoding=\"async\" loading=\"lazy\" title=\"Menschen mit Lernbehinderung\" \/><div class=\"cz_grid_details\"><i class=\"fa fa-search cz_grid_icon\"><\/i><h3>People with learning disabilities<\/h3><\/div><\/a><\/div><\/div><\/div><\/div><\/div><div data-cz-style='#cz_50745 .slick-slide { margin: 0 2px }'><\/div>[\/vc_column_inner][\/vc_row_inner][\/vc_column][\/vc_row][vc_row el_id=&#8221;infos&#8221;][vc_column]<div class=\"cz_gap clr  hide_on_tablet hide_on_mobile\" style=\"height: 50px\"><\/div><div class=\"cz_gap show_on_tablet clr  show_only_tablet\" style=\"height: 0px\"><\/div><div class=\"cz_gap show_on_mobile clr\" style=\"height: 0px\"><\/div><div id=\"cz_43825\" class=\"cz_43825 cz_tabs clr cz_tabs_htl\"><div class=\"cz_tabs_content\"><a class=\"cz_tab_a hide\" data-tab=\"cz_32603\">Prices<\/a><div id=\"cz_32603\" class=\"cz_tab\"><div>[vc_row_inner][vc_column_inner width=&#8221;1\/2&#8243;]<div id=\"cz_16642\" class=\"cz_16642 cz_title clr cz_title_pos_inline\"><div class=\"cz_title_content\"><div class=\"cz_wpe_content\"><h3>Holiday camp for teenagers with learning disabilities<br \/>\n25.07. &#8211; 30.07.2027\u00a0<span style=\"color: #ff0000;\"><br \/>\n<\/span><\/h3>\n<\/div><\/div><\/div><div class=\"cz_gap clr \" style=\"height: 20px\"><\/div><div id=\"cz_33485\" class=\"cz_33485 cz_title clr cz_title_pos_inline\"><div class=\"cz_title_content\"><div class=\"cz_wpe_content\"><p><strong>Information on social prices:<\/strong> You are free to choose between prices in price groups 3-5. If you decide on price group 1 or 2, we ask you to submit an informal request with a brief explanation of your financial situation.<\/p>\n<p>at\u00a0<a href=\"https:\/\/www.jufa.eu\/hotel\/schladming\" target=\"_blank\" rel=\"noopener\">JUFA Schladming<\/a><\/p>\n<div id=\"postbox-container-1\" class=\"postbox-container\">\n<div id=\"side-sortables\" class=\"meta-box-sortables ui-sortable\">\n<div id=\"submitdiv\" class=\"postbox \">\n<div class=\"inside\">\n<div id=\"submitpost\" class=\"submitbox\">\n<div><div class='jtrt_table_MotherShipContainer'><div class='jtTableContainer jtrespo-scroll  ' ><div class='jtsettingcontainer' style='display:none;position:absolute;left:-9999px;'><textarea data-jtrt-table-id='7692' id='jtrt_table_settings_7692' cols='30' rows='10'>[[[\"\",\"Financial support from PSO\",\"Your price\"],[\"social scale 1\",\"\\u20ac 3.188\",\"\\u20ac 1.669\"],[\"social scale 2\",\"\\u20ac 2.987\",\"\\u20ac 1.869\"],[\"social scale 3\",\"\\u20ac 2.770\",\"\\u20ac 2.086\"],[\"social scale 4\",\"\\u20ac 2.520\",\"\\u20ac 2.337\"],[\"social scale 5\",\"\\u20ac 1.186\",\"\\u20ac 2.670\"]],[{\"row\":0,\"col\":0,\"visualRow\":0,\"visualCol\":0,\"prop\":0},{\"row\":0,\"col\":1,\"visualRow\":0,\"visualCol\":1,\"prop\":1,\"className\":\"htLeft\"},{\"row\":0,\"col\":2,\"visualRow\":0,\"visualCol\":2,\"prop\":2,\"className\":\"htLeft\"},{\"row\":1,\"col\":0,\"visualRow\":1,\"visualCol\":0,\"prop\":0},{\"row\":1,\"col\":1,\"visualRow\":1,\"visualCol\":1,\"prop\":1},{\"row\":1,\"col\":2,\"visualRow\":1,\"visualCol\":2,\"prop\":2},{\"row\":2,\"col\":0,\"visualRow\":2,\"visualCol\":0,\"prop\":0},{\"row\":2,\"col\":1,\"visualRow\":2,\"visualCol\":1,\"prop\":1},{\"row\":2,\"col\":2,\"visualRow\":2,\"visualCol\":2,\"prop\":2},{\"row\":3,\"col\":0,\"visualRow\":3,\"visualCol\":0,\"prop\":0},{\"row\":3,\"col\":1,\"visualRow\":3,\"visualCol\":1,\"prop\":1},{\"row\":3,\"col\":2,\"visualRow\":3,\"visualCol\":2,\"prop\":2},{\"row\":4,\"col\":0,\"visualRow\":4,\"visualCol\":0,\"prop\":0},{\"row\":4,\"col\":1,\"visualRow\":4,\"visualCol\":1,\"prop\":1},{\"row\":4,\"col\":2,\"visualRow\":4,\"visualCol\":2,\"prop\":2},{\"row\":5,\"col\":0,\"visualRow\":5,\"visualCol\":0,\"prop\":0},{\"row\":5,\"col\":1,\"visualRow\":5,\"visualCol\":1,\"prop\":1},{\"row\":5,\"col\":2,\"visualRow\":5,\"visualCol\":2,\"prop\":2}],[],[]]<\/textarea><textarea data-jtrt-table-id='7692' id='jtrt_table_bps_7692' cols='30' rows='10'>[]<\/textarea><\/div><table id='jtrt_table_7692' data-sorting='false' data-paging='false' data-paging-size='10' data-paging-menu='10,20,50,100' data-filtering='false' data-jtrt-table-id='7692' class='jtrt-table  ' ><thead><tr><th><\/th><th>Financial support from PSO<\/th><th>Your price<\/th><\/tr><\/thead><tbody><tr><td>social scale 1<\/td><td>\u20ac 3.188<\/td><td>\u20ac 1.669<\/td><\/tr><tr><td>social scale 2<\/td><td>\u20ac 2.987<\/td><td>\u20ac 1.869<\/td><\/tr><tr><td>social scale 3<\/td><td>\u20ac 2.770<\/td><td>\u20ac 2.086<\/td><\/tr><tr><td>social scale 4<\/td><td>\u20ac 2.520<\/td><td>\u20ac 2.337<\/td><\/tr><tr><td>social scale 5<\/td><td>\u20ac 1.186<\/td><td>\u20ac 2.670<\/td><\/tr><\/tbody><\/table><\/div><\/div><\/div>\n<\/div>\n<\/div>\n<\/div>\n<\/div>\n<\/div>\n<div><\/div>\n<div><\/div>\n<div>You would like to participate, but can&#8217;t afford the vacation? Please, get in touch with us and we will work with you to explore your options.<\/div>\n<\/div><\/div><\/div><div class=\"cz_gap clr \" style=\"height: 20px\"><\/div><div id=\"cz_38276\" class=\"cz_38276 cz_title clr cz_title_pos_inline\"><div class=\"cz_title_content\"><div class=\"cz_wpe_content\"><h3>Extras:<\/h3>\n<ul>\n<li>\u20ac 45,- membership fee<\/li>\n<li>Arrival and departure<\/li>\n<li>Drinks<\/li>\n<li>Lunches<\/li>\n<\/ul>\n<\/div><\/div><\/div>[\/vc_column_inner][vc_column_inner width=&#8221;1\/2&#8243;]<div id=\"cz_74979\" class=\"cz_74979 cz_title clr cz_title_pos_inline\"><div class=\"cz_title_content\"><div class=\"cz_wpe_content\"><h3>Non-binding booking request<\/h3>\n\n<div class=\"wpcf7 no-js\" id=\"wpcf7-f1471-o1\" lang=\"de-DE\" dir=\"ltr\">\n<div class=\"screen-reader-response\"><p role=\"status\" aria-live=\"polite\" aria-atomic=\"true\"><\/p> <ul><\/ul><\/div>\n<form action=\"\/en\/wp-json\/wp\/v2\/portfolio\/2179#wpcf7-f1471-o1\" method=\"post\" class=\"wpcf7-form init\" aria-label=\"Kontaktformular\" novalidate=\"novalidate\" data-status=\"init\">\n<div style=\"display: none;\">\n<input type=\"hidden\" name=\"_wpcf7\" value=\"1471\" \/>\n<input type=\"hidden\" name=\"_wpcf7_version\" value=\"5.8.7\" \/>\n<input type=\"hidden\" name=\"_wpcf7_locale\" value=\"de_DE\" \/>\n<input type=\"hidden\" name=\"_wpcf7_unit_tag\" value=\"wpcf7-f1471-o1\" \/>\n<input type=\"hidden\" name=\"_wpcf7_container_post\" value=\"0\" \/>\n<input type=\"hidden\" name=\"_wpcf7_posted_data_hash\" value=\"\" \/>\n<input type=\"hidden\" name=\"_wpcf7_recaptcha_response\" value=\"\" \/>\n<\/div>\n<p><label> Name *<br \/>\n<span class=\"wpcf7-form-control-wrap\" data-name=\"your-name\"><input size=\"40\" class=\"wpcf7-form-control wpcf7-text wpcf7-validates-as-required\" aria-required=\"true\" aria-invalid=\"false\" value=\"\" type=\"text\" name=\"your-name\" \/><\/span> <\/label>\n<\/p>\n<p><label> Mail *<br \/>\n<span class=\"wpcf7-form-control-wrap\" data-name=\"your-email\"><input size=\"40\" class=\"wpcf7-form-control wpcf7-email wpcf7-validates-as-required wpcf7-text wpcf7-validates-as-email\" aria-required=\"true\" aria-invalid=\"false\" value=\"\" type=\"email\" name=\"your-email\" \/><\/span> <\/label>\n<\/p>\n<p><label> Phone *<br \/>\n<span class=\"wpcf7-form-control-wrap\" data-name=\"tel-390\"><input size=\"40\" class=\"wpcf7-form-control wpcf7-tel wpcf7-validates-as-required wpcf7-text wpcf7-validates-as-tel\" aria-required=\"true\" aria-invalid=\"false\" value=\"\" type=\"tel\" name=\"tel-390\" \/><\/span><\/label>\n<\/p>\n<p><label> Request *<br \/>\n<span class=\"wpcf7-form-control-wrap\" data-name=\"your-message\"><textarea cols=\"40\" rows=\"10\" class=\"wpcf7-form-control wpcf7-textarea wpcf7-validates-as-required\" aria-required=\"true\" aria-invalid=\"false\" name=\"your-message\"><\/textarea><\/span> <\/label><br \/>\n<span class=\"wpcf7-form-control-wrap product-name\" data-name=\"product-name\"><input type=\"hidden\" name=\"product-name\" id=\"\" class=\"wpcf7-form-control wpcf7-hidden wpcf7dtx wpcf7dtx-hidden\" aria-invalid=\"false\" value=\"Holiday camp for teenagers with learning disabilities\" \/><\/span><br \/>\n<input class=\"wpcf7-form-control wpcf7-submit has-spinner\" type=\"submit\" value=\"Send request\" \/>\n<\/p><div class=\"wpcf7-response-output\" aria-hidden=\"true\"><\/div>\n<\/form>\n<\/div>\n\n<\/div><\/div><\/div>[\/vc_column_inner][\/vc_row_inner]<\/div><\/div><a class=\"cz_tab_a hide\" data-tab=\"cz_100083\">Included Services<\/a><div id=\"cz_100083\" class=\"cz_tab\"><div><div id=\"cz_36564\" class=\"cz_36564 cz_title clr cz_title_pos_inline\"><div class=\"cz_title_content\"><div class=\"cz_wpe_content\"><h3>Included services &#8211; Holiday camp for young people with learning disabilities | 26.07. &#8211; 31.07.2026<strong><br \/>\n<\/strong><\/h3>\n<ul>\n<li>5 days program incl. all admissions<\/li>\n<li>5 nights in the JUFA Schladming incl. half board in a multi-bed room<\/li>\n<li>If you come by train, we will gladly pick you up at the station in Schladming. At the end of your holiday we will bring you back to the station in time and help you get on the train.<\/li>\n<\/ul>\n<\/div><\/div><\/div><\/div><\/div><a class=\"cz_tab_a hide\" data-tab=\"cz_35210\">Assistance, care &amp; nursing<\/a><div id=\"cz_35210\" class=\"cz_tab\"><div><div id=\"cz_66085\" class=\"cz_66085 cz_title clr cz_title_pos_inline\"><div class=\"cz_title_content\"><div class=\"cz_wpe_content\"><h3>Holiday camp for young people with learning disabilities | 26.07. &#8211; 31.07.2026<\/h3>\n<p><strong>Professional and individual support:<\/strong><\/p>\n<ul>\n<li>Professional and individual support during all activities and during the night by our staff as well as helpers and interns in a small group (min. 6 to max. 11 participants)<\/li>\n<li>For the evening and morning care, at least 2 employees are available, depending on requirements, care needs and number of participants even more<\/li>\n<li>2 employees sleep on site, there are 2 tours during the night<\/li>\n<\/ul>\n<p><strong>Included is the following care and assistance:<\/strong><\/p>\n<ul>\n<li>Occasional light assistance (e.g. when putting on a jacket on an excursion, bringing food, drinks, occasional enrichment of objects such as drinking bottles from a backpack, &#8230;)<\/li>\n<li>Pocket money management if desired. A log of the expenses is kept, but no receipts are collected<\/li>\n<li>Support for structuring the daily routine<\/li>\n<li>Light support during catering (e.g. cutting food)<\/li>\n<li>Memories and controls: morning and evening hygiene, showers, toilets, dressing and undressing<\/li>\n<li>Support in communication (unclear pronunciation, stress situations, etc.)<\/li>\n<li>Support for orientation in the accommodation<\/li>\n<li>Assistance with the regulation of emotions<\/li>\n<li>There are 2 tours during the night<\/li>\n<li>Usually you don&#8217;t need any help during the night. But if something should happen, our 2 supervisors will be happy to help you!<\/li>\n<\/ul>\n<\/div><\/div><\/div><div class=\"cz_gap clr  hide_on_tablet hide_on_mobile\" style=\"height: 30px\"><\/div><div class=\"cz_gap show_on_tablet clr  show_only_tablet\" style=\"height: 20px\"><\/div><div class=\"cz_gap show_on_mobile clr\" style=\"height: 20px\"><\/div><div id=\"cz_51709\" class=\"cz_51709 cz_title clr cz_title_pos_inline\"><div class=\"cz_title_content\"><div class=\"cz_wpe_content\"><h3>Limits of our 24h support<\/h3>\n<p>The scope of our services in the areas of care, assistance and support is limited. Unfortunately, we cannot offer the following during this week:<\/p>\n<ul>\n<li>Care of persons with epilepsy<\/li>\n<li>Participation is not possible if there is a tendency to run away at night.<\/li>\n<li>Participation for non-verbal persons is not possible. Unless there is the possibility to communicate sufficiently in another way.<\/li>\n<li>Cell phone free week! The children can call home at any time via the company cell phone.<\/li>\n<li>Photos etc. will be provided afterwards. During the week we will focus on your children so they can have a great week.<\/li>\n<\/ul>\n<\/div><\/div><\/div><\/div><\/div><a class=\"cz_tab_a hide\" data-tab=\"cz_29057\">Target group<\/a><div id=\"cz_29057\" class=\"cz_tab\"><div><div id=\"cz_86970\" class=\"cz_86970 cz_title clr cz_title_pos_inline\"><div class=\"cz_title_content\"><div class=\"cz_wpe_content\"><h3>Target group &#8211; Holiday camp for young people with learning disabilities | 25.07. &#8211; 30.07.2027<\/h3>\n<p><strong>Suitable for adolescents and young adults with learning disabilities<\/strong><\/p>\n<p>Would you like to spend an exciting holiday in the Austrian Alps with other young, like-minded people and without your parents? Are you 14 years old or older and have a mental disability? Then this is the right place for you.<\/p>\n<\/div><\/div><\/div><\/div><\/div><a class=\"cz_tab_a hide\" data-tab=\"cz_30383\">Your holiday at a glance<\/a><div id=\"cz_30383\" class=\"cz_tab\"><div><div id=\"cz_30894\" class=\"cz_30894 cz_title clr cz_title_pos_inline\"><div class=\"cz_title_content\"><div class=\"cz_wpe_content\"><h3>Holiday camp for young people with learning disabilities | 25.07. &#8211; 30.07.2027<\/h3>\n<h3>Day 1 &#8211; Arrival<\/h3>\n<p>On your arrival day we meet in the late afternoon in your accommodation, the JUFA in Schladming. There we will get to know each other, give you an overview of the coming week and of course answer all your questions. We will also show you the entire accommodation so that you can orientate yourself there.<\/p>\n<h3>Day 2 &#8211; Walk through the Silberkarklamm gorge &amp; Kneipp facility<\/h3>\n<p>Today we\u2019re setting off on a walk through the Silberkarklamm gorge. During the walk, the natural surroundings will give us plenty of opportunity to get to know one another. We\u2019ll stop off at a cosy mountain hut for lunch to eat our packed lunches. Afterwards, we\u2019ll treat ourselves to a short break at a Kneipp facility.<\/p>\n<h3>Day 3 &#8211; Rittisberg Adventure Playground &amp; Pit Pat<\/h3>\n<p>This morning, we\u2019re exploring the adventure playground on the Rittisberg, which we\u2019ll reach by taking the Rittisberg cable car. After a bite to eat in a cosy mountain hut, we\u2019ll spend the afternoon playing a few rounds of Pit Pat before rounding off the evening in a relaxed atmosphere at the JUFA.<\/p>\n<h3>Day 4 &#8211; Day trip to Mautern Wildlife Park with a birds of prey display<\/h3>\n<p>Today we\u2019re going on a day trip to the Wilder Berg Mautern! There, we\u2019ll not only come across various animals such as bears, foxes and wolves, but we\u2019ll also be able to admire falcons and eagles at a birds of prey display. Before we head back home, we\u2019ll let off some steam at the play park.<\/p>\n<h3>Day 5 Morning &#8211; High ropes course &amp; summer tobogganing<\/h3>\n<p>On the fourth day, there are more absolute highlights on the programme. A visit to the high ropes course is an unforgettable experience for everyone and will remain etched in your memory. There\u2019s an adventure to suit each and every one of you! On the Flying Fox, a long zip line, you can, for example, experience the breathtaking sensation of speed and that special \u2018thrill\u2019 in your stomach. Before we head off for lunch, we\u2019ll let the wind blow through our hair on the summer toboggan run and enjoy some fun and action.<\/p>\n<h3>Day 5 Afternoon &#8211; Dachstein<\/h3>\n<p>In the afternoon, we\u2019ll be standing at an altitude of just under 3,000 metres, suspended between heaven and earth, and experiencing the fascination of the mountains up close. Is this only for extreme mountaineers? Wrong! ANYONE can experience this on the Sky Walk on the Dachstein. There, we\u2019ll feel the wind whistling past our ears and be able to feel the snow during a snowball fight \u2013 even in summer.<\/p>\n<h3>Day 5 Evening program<\/h3>\n<p>We&#8217;ll finish off our last evening in style. Tonight we will explore Schladming.<\/p>\n<h3>Day 6 &#8211; Kayaking course &amp; barbecue with archery<\/h3>\n<p>The grand finale \u2013 a kayaking course! Once you\u2019ve swapped your clothes for a wetsuit (weather permitting) and a paddle, you\u2019ll get to try your hand at kayaking for the first time on Lake Aicher. Afterwards, of course, it\u2019s time to top up your energy levels. And what could be better than a barbecue? This is the perfect opportunity to look back on the highlights of the adventure week and catch up with the other participants, who have now become friends. And if you fancy a bit more action, you can have a go at archery.<\/p>\n<p>The journey home takes place individually in the afternoon.<\/p>\n<\/div><\/div><\/div><\/div><\/div><\/div><\/div>[\/vc_column][\/vc_row][vc_row][vc_column]<div class=\"cz_gap clr  hide_on_tablet hide_on_mobile\" style=\"height: 30px\"><\/div><div class=\"cz_gap show_on_tablet clr  show_only_tablet\" style=\"height: 0px\"><\/div><div class=\"cz_gap show_on_mobile clr\" style=\"height: 0px\"><\/div><div id=\"cz_58443\" class=\"cz_58443 cz_title clr cz_title_pos_inline\"><div class=\"cz_title_content\"><div class=\"cz_wpe_content\"><h1>Further offers<\/h1>\n<\/div><\/div><\/div><div class=\"cz_gap clr \" style=\"height: 30px\"><\/div><div id=\"cz_97007\" class=\"cz_97007 slick arrows_mlr dots_bc dots_circle dots_inner arrows_inner arrows_show_on_hover overflow_visible\" data-slick='{\"selector\":\"\",\"slidesToShow\":4,\"slidesToScroll\":1,\"rows\":1,\"fade\":false,\"vertical\":false,\"verticalSwiping\":false,\"infinite\":true,\"speed\":1000,\"centerMode\":false,\"centerPadding\":\"\",\"variableWidth\":false,\"autoplay\":false,\"autoplaySpeed\":4000,\"dots\":true,\"adaptiveHeight\":true,\"prevArrow\":\"<button type=\\\"button\\\" class=\\\"slick-prev\\\"><i class=\\\"fa fa-chevron-left\\\"><\\\/i><\\\/button>\",\"nextArrow\":\"<button type=\\\"button\\\" class=\\\"slick-next\\\"><i class=\\\"fa fa-chevron-right\\\"><\\\/i><\\\/button>\",\"responsive\":[{\"breakpoint\":768,\"settings\":{\"slidesToShow\":2,\"slidesToScroll\":1,\"touchMove\":true}},{\"breakpoint\":480,\"settings\":{\"slidesToShow\":1,\"slidesToScroll\":1,\"touchMove\":true}}]}'><div id=\"cz_83560\" class=\"cz_83560\"><div class=\"cz_grid cz_grid_1 clr cz_grid_carousel cz_grid_1_title_sub_after cz_grid_1_has_excerpt cz_grid_1_subtitle_on_img cz_grid_1_bot tal cz_grid_1_hide_on_hover\" data-atts='{\"lang\":\"en\",\"action\":\"cz_ajax_posts\",\"post_class\":\"cz_grid_item\",\"post__in\":null,\"nonce\":\"b1876cea69\",\"nonce_id\":\"cz_83560\",\"loadmore_end\":\"Not found more posts\",\"hover\":\"cz_grid_1_title_sub_after cz_grid_1_has_excerpt cz_grid_1_subtitle_on_img\",\"image_size\":\"codevz_600_600\",\"subtitles\":\"%5B%7B%22t%22%3A%22date%22%7D%5D\",\"subtitle_pos\":\"\",\"icon\":\"fa fa-search\",\"el\":\"\",\"cat\":\"83\",\"tag_id\":\"\",\"offset\":0,\"post_type\":\"portfolio\",\"posts_per_page\":\"\",\"order\":\"ASC\",\"orderby\":\"title\",\"tilt_data\":null,\"svg_sizes\":[\"600\",\"600\"],\"s\":\"\"}'><div class=\"cz_grid_item cz_grid_first\"><\/div><div class=\"cz_grid_item post-2049 portfolio type-portfolio status-publish has-post-thumbnail hentry portfolio_cat-summer\"><div><a class=\"cz_grid_link cz_grid_zoom_in\" href=\"https:\/\/www.freizeit-pso.at\/en\/specials\/time-out-day-for-parents\/\"><img width=\"500\" height=\"420\" src=\"https:\/\/www.freizeit-pso.at\/wp-content\/uploads\/2018\/08\/Weitere-Angebote-Auszeit-Tag.jpg\" class=\"attachment-codevz_600_600 size-codevz_600_600 wp-post-image\" alt=\"Auszeit-Tag f\u00fcr Eltern\" decoding=\"async\" loading=\"lazy\" srcset=\"https:\/\/www.freizeit-pso.at\/wp-content\/uploads\/2018\/08\/Weitere-Angebote-Auszeit-Tag.jpg 500w, https:\/\/www.freizeit-pso.at\/wp-content\/uploads\/2018\/08\/Weitere-Angebote-Auszeit-Tag-300x252.jpg 300w\" sizes=\"(max-width: 500px) 100vw, 500px\" title=\"Auszeit-Tag f\u00fcr Eltern\" \/><div class=\"cz_grid_details\"><small class=\"clr\"><span class=\"cz_post_data cz_data_date\">29. August 2018<\/span><\/small><\/div><\/a><div class=\"cz_grid_details cz_grid_details_outside\"><a class=\"cz_grid_title\" href=\"https:\/\/www.freizeit-pso.at\/en\/specials\/time-out-day-for-parents\/\"><h3>&#8220;Time out day&#8221; for parents<\/h3><\/a><div class=\"cz_post_excerpt\">Refuel for parents and a special day for children!<\/div><\/div><\/div><\/div><div class=\"cz_grid_item post-1987 portfolio type-portfolio status-publish has-post-thumbnail hentry portfolio_cat-summer\"><div><a class=\"cz_grid_link cz_grid_zoom_in\" href=\"https:\/\/www.freizeit-pso.at\/en\/specials\/adaptive-hiking-week\/\"><img width=\"500\" height=\"420\" src=\"https:\/\/www.freizeit-pso.at\/wp-content\/uploads\/2017\/06\/Weitere-Angebote.jpg\" class=\"attachment-codevz_600_600 size-codevz_600_600 wp-post-image\" alt=\"\" decoding=\"async\" loading=\"lazy\" srcset=\"https:\/\/www.freizeit-pso.at\/wp-content\/uploads\/2017\/06\/Weitere-Angebote.jpg 500w, https:\/\/www.freizeit-pso.at\/wp-content\/uploads\/2017\/06\/Weitere-Angebote-300x252.jpg 300w\" sizes=\"(max-width: 500px) 100vw, 500px\" title=\"Weitere Angebote\" \/><div class=\"cz_grid_details\"><small class=\"clr\"><span class=\"cz_post_data cz_data_date\">29. August 2018<\/span><\/small><\/div><\/a><div class=\"cz_grid_details cz_grid_details_outside\"><a class=\"cz_grid_title\" href=\"https:\/\/www.freizeit-pso.at\/en\/specials\/adaptive-hiking-week\/\"><h3>Adaptive hiking week<\/h3><\/a><div class=\"cz_post_excerpt\">Mountain & nature experience<\/div><\/div><\/div><\/div><div class=\"cz_grid_item post-2141 portfolio type-portfolio status-publish hentry portfolio_cat-summer\"><div><a class=\"cz_grid_link cz_grid_zoom_in cz_grid_item_svg\" href=\"https:\/\/www.freizeit-pso.at\/en\/specials\/families-adventure-holidays\/\"><img src=\"data:image\/svg+xml,%3Csvg%20xmlns%3D&#39;http%3A%2F%2Fwww.w3.org%2F2000%2Fsvg&#39;%20width=&#39;600&#39;%20height=&#39;600&#39;%20viewBox%3D&#39;0%200%20600%20600&#39;%2F%3E\" alt=\"Placeholder\" \/><div class=\"cz_grid_details\"><small class=\"clr\"><span class=\"cz_post_data cz_data_date\">3. September 2018<\/span><\/small><\/div><\/a><div class=\"cz_grid_details cz_grid_details_outside\"><a class=\"cz_grid_title\" href=\"https:\/\/www.freizeit-pso.at\/en\/specials\/families-adventure-holidays\/\"><h3>Families &#8211; Adventure &#8211; Holidays<\/h3><\/a><div class=\"cz_post_excerpt\">A holiday for the whole family<\/div><\/div><\/div><\/div><div class=\"cz_grid_item post-2179 portfolio type-portfolio status-publish has-post-thumbnail hentry portfolio_cat-summer\"><div><a class=\"cz_grid_link cz_grid_zoom_in\" href=\"https:\/\/www.freizeit-pso.at\/en\/specials\/holiday-camp-for-teenagers-with-learning-disabilities\/\"><img width=\"500\" height=\"420\" src=\"https:\/\/www.freizeit-pso.at\/wp-content\/uploads\/2018\/09\/weitere-Angebote-1.jpg\" class=\"attachment-codevz_600_600 size-codevz_600_600 wp-post-image\" alt=\"\" decoding=\"async\" loading=\"lazy\" srcset=\"https:\/\/www.freizeit-pso.at\/wp-content\/uploads\/2018\/09\/weitere-Angebote-1.jpg 500w, https:\/\/www.freizeit-pso.at\/wp-content\/uploads\/2018\/09\/weitere-Angebote-1-300x252.jpg 300w\" sizes=\"(max-width: 500px) 100vw, 500px\" title=\"weitere Angebote\" \/><div class=\"cz_grid_details\"><small class=\"clr\"><span class=\"cz_post_data cz_data_date\">3. September 2018<\/span><\/small><\/div><\/a><div class=\"cz_grid_details cz_grid_details_outside\"><a class=\"cz_grid_title\" href=\"https:\/\/www.freizeit-pso.at\/en\/specials\/holiday-camp-for-teenagers-with-learning-disabilities\/\"><h3>Holiday camp for teenagers with learning disabilities<\/h3><\/a><div class=\"cz_post_excerpt\">With 24 hour support<\/div><\/div><\/div><\/div><div class=\"cz_grid_item post-2206 portfolio type-portfolio status-publish has-post-thumbnail hentry portfolio_cat-summer\"><div><a class=\"cz_grid_link cz_grid_zoom_in\" href=\"https:\/\/www.freizeit-pso.at\/en\/specials\/holidays-for-individualists-groups-institutions-schools\/\"><img width=\"500\" height=\"420\" src=\"https:\/\/www.freizeit-pso.at\/wp-content\/uploads\/2018\/09\/Weitere-Angebote-Individual.jpg\" class=\"attachment-codevz_600_600 size-codevz_600_600 wp-post-image\" alt=\"barrierefreie Urlaube f\u00fcr Individualisten &amp; Gruppen\" decoding=\"async\" loading=\"lazy\" srcset=\"https:\/\/www.freizeit-pso.at\/wp-content\/uploads\/2018\/09\/Weitere-Angebote-Individual.jpg 500w, https:\/\/www.freizeit-pso.at\/wp-content\/uploads\/2018\/09\/Weitere-Angebote-Individual-300x252.jpg 300w\" sizes=\"(max-width: 500px) 100vw, 500px\" title=\"barrierefreie Urlaube f\u00fcr Individualisten &amp; Gruppen\" \/><div class=\"cz_grid_details\"><small class=\"clr\"><span class=\"cz_post_data cz_data_date\">4. September 2018<\/span><\/small><\/div><\/a><div class=\"cz_grid_details cz_grid_details_outside\"><a class=\"cz_grid_title\" href=\"https:\/\/www.freizeit-pso.at\/en\/specials\/holidays-for-individualists-groups-institutions-schools\/\"><h3>Holidays for individualists &#038; groups<\/h3><\/a><div class=\"cz_post_excerpt\">Personal & individually planned<\/div><\/div><\/div><\/div><div class=\"cz_grid_item post-2184 portfolio type-portfolio status-publish has-post-thumbnail hentry portfolio_cat-summer\"><div><a class=\"cz_grid_link cz_grid_zoom_in\" href=\"https:\/\/www.freizeit-pso.at\/en\/specials\/multi-activity-week-date1\/\"><img width=\"500\" height=\"420\" src=\"https:\/\/www.freizeit-pso.at\/wp-content\/uploads\/2018\/09\/Weitere-Angebote.jpg\" class=\"attachment-codevz_600_600 size-codevz_600_600 wp-post-image\" alt=\"\" decoding=\"async\" loading=\"lazy\" srcset=\"https:\/\/www.freizeit-pso.at\/wp-content\/uploads\/2018\/09\/Weitere-Angebote.jpg 500w, https:\/\/www.freizeit-pso.at\/wp-content\/uploads\/2018\/09\/Weitere-Angebote-300x252.jpg 300w\" sizes=\"(max-width: 500px) 100vw, 500px\" title=\"Weitere Angebote\" \/><div class=\"cz_grid_details\"><small class=\"clr\"><span class=\"cz_post_data cz_data_date\">3. September 2018<\/span><\/small><\/div><\/a><div class=\"cz_grid_details cz_grid_details_outside\"><a class=\"cz_grid_title\" href=\"https:\/\/www.freizeit-pso.at\/en\/specials\/multi-activity-week-date1\/\"><h3>Multi-Activity-Week | Date 1<\/h3><\/a><div class=\"cz_post_excerpt\">Relax, move, recharge your batteries and more<\/div><\/div><\/div><\/div><div class=\"cz_grid_item post-2146 portfolio type-portfolio status-publish has-post-thumbnail hentry portfolio_cat-summer\"><div><a class=\"cz_grid_link cz_grid_zoom_in\" href=\"https:\/\/www.freizeit-pso.at\/en\/specials\/multi-adventure-vacation\/\"><img width=\"500\" height=\"420\" src=\"https:\/\/www.freizeit-pso.at\/wp-content\/uploads\/2018\/09\/weitere-Angebote2.jpg\" class=\"attachment-codevz_600_600 size-codevz_600_600 wp-post-image\" alt=\"Multi-Abenteuer-Urlaub f\u00fcr Fu\u00dfg\u00e4nger\" decoding=\"async\" loading=\"lazy\" srcset=\"https:\/\/www.freizeit-pso.at\/wp-content\/uploads\/2018\/09\/weitere-Angebote2.jpg 500w, https:\/\/www.freizeit-pso.at\/wp-content\/uploads\/2018\/09\/weitere-Angebote2-300x252.jpg 300w\" sizes=\"(max-width: 500px) 100vw, 500px\" title=\"Multi-Abenteuer-Urlaub f\u00fcr Fu\u00dfg\u00e4nger\" \/><div class=\"cz_grid_details\"><small class=\"clr\"><span class=\"cz_post_data cz_data_date\">3. September 2018<\/span><\/small><\/div><\/a><div class=\"cz_grid_details cz_grid_details_outside\"><a class=\"cz_grid_title\" href=\"https:\/\/www.freizeit-pso.at\/en\/specials\/multi-adventure-vacation\/\"><h3>Multi-Adventure Vacation<\/h3><\/a><div class=\"cz_post_excerpt\">An eventful, barrier-free active week awaits you<\/div><\/div><\/div><\/div><div class=\"cz_grid_item post-2084 portfolio type-portfolio status-publish has-post-thumbnail hentry portfolio_cat-summer\"><div><a class=\"cz_grid_link cz_grid_zoom_in\" href=\"https:\/\/www.freizeit-pso.at\/en\/specials\/time-out-holidays-for-families\/\"><img width=\"500\" height=\"420\" src=\"https:\/\/www.freizeit-pso.at\/wp-content\/uploads\/2018\/08\/Weitere-Angebote.jpg\" class=\"attachment-codevz_600_600 size-codevz_600_600 wp-post-image\" alt=\"\" decoding=\"async\" loading=\"lazy\" srcset=\"https:\/\/www.freizeit-pso.at\/wp-content\/uploads\/2018\/08\/Weitere-Angebote.jpg 500w, https:\/\/www.freizeit-pso.at\/wp-content\/uploads\/2018\/08\/Weitere-Angebote-300x252.jpg 300w\" sizes=\"(max-width: 500px) 100vw, 500px\" title=\"Weitere Angebote\" \/><div class=\"cz_grid_details\"><small class=\"clr\"><span class=\"cz_post_data cz_data_date\">30. August 2018<\/span><\/small><\/div><\/a><div class=\"cz_grid_details cz_grid_details_outside\"><a class=\"cz_grid_title\" href=\"https:\/\/www.freizeit-pso.at\/en\/specials\/time-out-holidays-for-families\/\"><h3>Time out \u2013 Holidays for families<\/h3><\/a><div class=\"cz_post_excerpt\">5 days children adventure, 5 days parents time-out<\/div><\/div><\/div><\/div><\/div><\/div><\/div><div data-cz-style='#cz_97007 .slick-slide { margin: 0 2px }'><\/div>[\/vc_column][\/vc_row]<\/p>\n","protected":false},"excerpt":{"rendered":"<p>With 24 hour support<\/p>\n","protected":false},"author":1,"featured_media":8706,"comment_status":"closed","ping_status":"closed","template":"","meta":{"inline_featured_image":false},"yoast_head":"<!-- This site is optimized with the Yoast SEO plugin v21.8 - https:\/\/yoast.com\/wordpress\/plugins\/seo\/ -->\n<title>Holiday camp for teenagers with learning disabilities - PSOactive - Holidays for people with disabilities<\/title>\n<meta name=\"description\" content=\"This integrative week is suitable for teenagers and young adults with learning disabilities. They have a lot of fun with barrier-free activities!\" \/>\n<meta name=\"robots\" content=\"index, follow, max-snippet:-1, max-image-preview:large, max-video-preview:-1\" \/>\n<link rel=\"canonical\" href=\"https:\/\/www.freizeit-pso.at\/en\/specials\/holiday-camp-for-teenagers-with-learning-disabilities\/\" \/>\n<meta property=\"og:locale\" content=\"en_US\" \/>\n<meta property=\"og:type\" content=\"article\" \/>\n<meta property=\"og:title\" content=\"Holiday camp for teenagers with learning disabilities - PSOactive - Holidays for people with disabilities\" \/>\n<meta property=\"og:description\" content=\"This integrative week is suitable for teenagers and young adults with learning disabilities. They have a lot of fun with barrier-free activities!\" \/>\n<meta property=\"og:url\" content=\"https:\/\/www.freizeit-pso.at\/en\/specials\/holiday-camp-for-teenagers-with-learning-disabilities\/\" \/>\n<meta property=\"og:site_name\" content=\"PSOactive\" \/>\n<meta property=\"article:modified_time\" content=\"2026-08-31T13:17:46+00:00\" \/>\n<meta property=\"og:image\" content=\"https:\/\/www.freizeit-pso.at\/wp-content\/uploads\/2018\/09\/weitere-Angebote-1.jpg\" \/>\n\t<meta property=\"og:image:width\" content=\"500\" \/>\n\t<meta property=\"og:image:height\" content=\"420\" \/>\n\t<meta property=\"og:image:type\" content=\"image\/jpeg\" \/>\n<meta name=\"twitter:card\" content=\"summary_large_image\" \/>\n<meta name=\"twitter:label1\" content=\"Est. reading time\" \/>\n\t<meta name=\"twitter:data1\" content=\"8 minutes\" \/>\n<script type=\"application\/ld+json\" class=\"yoast-schema-graph\">{\"@context\":\"https:\/\/schema.org\",\"@graph\":[{\"@type\":\"WebPage\",\"@id\":\"https:\/\/www.freizeit-pso.at\/en\/specials\/holiday-camp-for-teenagers-with-learning-disabilities\/\",\"url\":\"https:\/\/www.freizeit-pso.at\/en\/specials\/holiday-camp-for-teenagers-with-learning-disabilities\/\",\"name\":\"Holiday camp for teenagers with learning disabilities - PSOactive - Holidays for people with disabilities\",\"isPartOf\":{\"@id\":\"https:\/\/www.freizeit-pso.at\/#website\"},\"datePublished\":\"2018-09-03T11:20:20+00:00\",\"dateModified\":\"2026-08-31T13:17:46+00:00\",\"description\":\"This integrative week is suitable for teenagers and young adults with learning disabilities. They have a lot of fun with barrier-free activities!\",\"breadcrumb\":{\"@id\":\"https:\/\/www.freizeit-pso.at\/en\/specials\/holiday-camp-for-teenagers-with-learning-disabilities\/#breadcrumb\"},\"inLanguage\":\"en-US\",\"potentialAction\":[{\"@type\":\"ReadAction\",\"target\":[\"https:\/\/www.freizeit-pso.at\/en\/specials\/holiday-camp-for-teenagers-with-learning-disabilities\/\"]}]},{\"@type\":\"BreadcrumbList\",\"@id\":\"https:\/\/www.freizeit-pso.at\/en\/specials\/holiday-camp-for-teenagers-with-learning-disabilities\/#breadcrumb\",\"itemListElement\":[{\"@type\":\"ListItem\",\"position\":1,\"name\":\"Startseite\",\"item\":\"https:\/\/www.freizeit-pso.at\/en\/\"},{\"@type\":\"ListItem\",\"position\":2,\"name\":\"Angebote & Jobs\",\"item\":\"https:\/\/www.freizeit-pso.at\/specials\/\"},{\"@type\":\"ListItem\",\"position\":3,\"name\":\"Holiday camp for teenagers with learning disabilities\"}]},{\"@type\":\"WebSite\",\"@id\":\"https:\/\/www.freizeit-pso.at\/#website\",\"url\":\"https:\/\/www.freizeit-pso.at\/\",\"name\":\"PSOactive\",\"description\":\"Holidays for people with disabilities\",\"potentialAction\":[{\"@type\":\"SearchAction\",\"target\":{\"@type\":\"EntryPoint\",\"urlTemplate\":\"https:\/\/www.freizeit-pso.at\/?s={search_term_string}\"},\"query-input\":\"required name=search_term_string\"}],\"inLanguage\":\"en-US\"}]}<\/script>\n<!-- \/ Yoast SEO plugin. -->","yoast_head_json":{"title":"Holiday camp for teenagers with learning disabilities - PSOactive - Holidays for people with disabilities","description":"This integrative week is suitable for teenagers and young adults with learning disabilities. They have a lot of fun with barrier-free activities!","robots":{"index":"index","follow":"follow","max-snippet":"max-snippet:-1","max-image-preview":"max-image-preview:large","max-video-preview":"max-video-preview:-1"},"canonical":"https:\/\/www.freizeit-pso.at\/en\/specials\/holiday-camp-for-teenagers-with-learning-disabilities\/","og_locale":"en_US","og_type":"article","og_title":"Holiday camp for teenagers with learning disabilities - PSOactive - Holidays for people with disabilities","og_description":"This integrative week is suitable for teenagers and young adults with learning disabilities. They have a lot of fun with barrier-free activities!","og_url":"https:\/\/www.freizeit-pso.at\/en\/specials\/holiday-camp-for-teenagers-with-learning-disabilities\/","og_site_name":"PSOactive","article_modified_time":"2026-08-31T13:17:46+00:00","og_image":[{"width":500,"height":420,"url":"https:\/\/www.freizeit-pso.at\/wp-content\/uploads\/2018\/09\/weitere-Angebote-1.jpg","type":"image\/jpeg"}],"twitter_card":"summary_large_image","twitter_misc":{"Est. reading time":"8 minutes"},"schema":{"@context":"https:\/\/schema.org","@graph":[{"@type":"WebPage","@id":"https:\/\/www.freizeit-pso.at\/en\/specials\/holiday-camp-for-teenagers-with-learning-disabilities\/","url":"https:\/\/www.freizeit-pso.at\/en\/specials\/holiday-camp-for-teenagers-with-learning-disabilities\/","name":"Holiday camp for teenagers with learning disabilities - PSOactive - Holidays for people with disabilities","isPartOf":{"@id":"https:\/\/www.freizeit-pso.at\/#website"},"datePublished":"2018-09-03T11:20:20+00:00","dateModified":"2026-08-31T13:17:46+00:00","description":"This integrative week is suitable for teenagers and young adults with learning disabilities. They have a lot of fun with barrier-free activities!","breadcrumb":{"@id":"https:\/\/www.freizeit-pso.at\/en\/specials\/holiday-camp-for-teenagers-with-learning-disabilities\/#breadcrumb"},"inLanguage":"en-US","potentialAction":[{"@type":"ReadAction","target":["https:\/\/www.freizeit-pso.at\/en\/specials\/holiday-camp-for-teenagers-with-learning-disabilities\/"]}]},{"@type":"BreadcrumbList","@id":"https:\/\/www.freizeit-pso.at\/en\/specials\/holiday-camp-for-teenagers-with-learning-disabilities\/#breadcrumb","itemListElement":[{"@type":"ListItem","position":1,"name":"Startseite","item":"https:\/\/www.freizeit-pso.at\/en\/"},{"@type":"ListItem","position":2,"name":"Angebote & Jobs","item":"https:\/\/www.freizeit-pso.at\/specials\/"},{"@type":"ListItem","position":3,"name":"Holiday camp for teenagers with learning disabilities"}]},{"@type":"WebSite","@id":"https:\/\/www.freizeit-pso.at\/#website","url":"https:\/\/www.freizeit-pso.at\/","name":"PSOactive","description":"Holidays for people with disabilities","potentialAction":[{"@type":"SearchAction","target":{"@type":"EntryPoint","urlTemplate":"https:\/\/www.freizeit-pso.at\/?s={search_term_string}"},"query-input":"required name=search_term_string"}],"inLanguage":"en-US"}]}},"_links":{"self":[{"href":"https:\/\/www.freizeit-pso.at\/en\/wp-json\/wp\/v2\/portfolio\/2179"}],"collection":[{"href":"https:\/\/www.freizeit-pso.at\/en\/wp-json\/wp\/v2\/portfolio"}],"about":[{"href":"https:\/\/www.freizeit-pso.at\/en\/wp-json\/wp\/v2\/types\/portfolio"}],"author":[{"embeddable":true,"href":"https:\/\/www.freizeit-pso.at\/en\/wp-json\/wp\/v2\/users\/1"}],"replies":[{"embeddable":true,"href":"https:\/\/www.freizeit-pso.at\/en\/wp-json\/wp\/v2\/comments?post=2179"}],"wp:featuredmedia":[{"embeddable":true,"href":"https:\/\/www.freizeit-pso.at\/en\/wp-json\/wp\/v2\/media\/8706"}],"wp:attachment":[{"href":"https:\/\/www.freizeit-pso.at\/en\/wp-json\/wp\/v2\/media?parent=2179"}],"curies":[{"name":"wp","href":"https:\/\/api.w.org\/{rel}","templated":true}]}}