{"id":1987,"date":"2018-08-29T07:58:45","date_gmt":"2018-08-29T05:58:45","guid":{"rendered":"https:\/\/www.freizeit-pso.at\/en\/?post_type=portfolio&#038;p=1987"},"modified":"2025-10-02T13:34:27","modified_gmt":"2025-10-02T11:34:27","slug":"adaptive-hiking-week","status":"publish","type":"portfolio","link":"https:\/\/www.freizeit-pso.at\/en\/specials\/adaptive-hiking-week\/","title":{"rendered":"Adaptive hiking week"},"content":{"rendered":"<p>[vc_row][vc_column width=&#8221;1\/2&#8243;]<div id=\"cz_62494\" class=\"cz_62494 slick arrows_mlr dots_bc dots_circle dots_inner arrows_inner arrows_show_on_hover is_center\" data-slick='{\"selector\":\"\",\"slidesToShow\":1,\"slidesToScroll\":1,\"rows\":1,\"fade\":false,\"vertical\":false,\"verticalSwiping\":false,\"infinite\":true,\"speed\":1000,\"centerMode\":true,\"centerPadding\":\"\",\"variableWidth\":false,\"autoplay\":false,\"autoplaySpeed\":4000,\"dots\":true,\"adaptiveHeight\":true,\"prevArrow\":\"<button type=\\\"button\\\" class=\\\"slick-prev\\\"><i class=\\\"fa fa-chevron-left\\\"><\\\/i><\\\/button>\",\"nextArrow\":\"<button type=\\\"button\\\" class=\\\"slick-next\\\"><i class=\\\"fa fa-chevron-right\\\"><\\\/i><\\\/button>\",\"responsive\":[{\"breakpoint\":768,\"settings\":{\"slidesToShow\":1,\"slidesToScroll\":1,\"touchMove\":true}},{\"breakpoint\":480,\"settings\":{\"slidesToShow\":1,\"slidesToScroll\":1,\"touchMove\":true}}]}'><div id=\"cz_81241\" class=\"cz_81241 cz_image\"><div class=\"\"><div class=\"cz_image_in\"><div class=\"cz_main_image cz_\"><a href=\"https:\/\/www.freizeit-pso.at\/wp-content\/uploads\/2018\/07\/18.jpg\" ><img width=\"2000\" height=\"1500\" src=\"https:\/\/www.freizeit-pso.at\/wp-content\/uploads\/2018\/07\/18.jpg\" class=\"attachment-full\" alt=\"barrierefreie Wanderungen f\u00fcr Gem\u00fctliche\" decoding=\"async\" loading=\"lazy\" srcset=\"https:\/\/www.freizeit-pso.at\/wp-content\/uploads\/2018\/07\/18.jpg 2000w, https:\/\/www.freizeit-pso.at\/wp-content\/uploads\/2018\/07\/18-300x225.jpg 300w, https:\/\/www.freizeit-pso.at\/wp-content\/uploads\/2018\/07\/18-768x576.jpg 768w, https:\/\/www.freizeit-pso.at\/wp-content\/uploads\/2018\/07\/18-1024x768.jpg 1024w, https:\/\/www.freizeit-pso.at\/wp-content\/uploads\/2018\/07\/18-600x450.jpg 600w\" sizes=\"(max-width: 2000px) 100vw, 2000px\" title=\"barrierefreie Wanderungen f\u00fcr Gem\u00fctliche\" \/><\/a><\/div><div class=\"cz_hover_image cz_op_100\"><a href=\"https:\/\/www.freizeit-pso.at\/wp-content\/uploads\/2018\/07\/18.jpg\" ><img width=\"2000\" height=\"1500\" src=\"https:\/\/www.freizeit-pso.at\/wp-content\/uploads\/2018\/07\/18.jpg\" class=\"attachment-full\" alt=\"barrierefreie Wanderungen f\u00fcr Gem\u00fctliche\" decoding=\"async\" loading=\"lazy\" srcset=\"https:\/\/www.freizeit-pso.at\/wp-content\/uploads\/2018\/07\/18.jpg 2000w, https:\/\/www.freizeit-pso.at\/wp-content\/uploads\/2018\/07\/18-300x225.jpg 300w, https:\/\/www.freizeit-pso.at\/wp-content\/uploads\/2018\/07\/18-768x576.jpg 768w, https:\/\/www.freizeit-pso.at\/wp-content\/uploads\/2018\/07\/18-1024x768.jpg 1024w, https:\/\/www.freizeit-pso.at\/wp-content\/uploads\/2018\/07\/18-600x450.jpg 600w\" sizes=\"(max-width: 2000px) 100vw, 2000px\" title=\"barrierefreie Wanderungen f\u00fcr Gem\u00fctliche\" \/><\/a><\/div><\/div><\/div><\/div><div id=\"cz_109700\" class=\"cz_109700 cz_image\"><div class=\"\"><div class=\"cz_image_in\"><div class=\"cz_main_image cz_\"><a href=\"https:\/\/www.freizeit-pso.at\/wp-content\/uploads\/2018\/08\/Wanderwoche-1.jpg\" ><img width=\"1836\" height=\"1328\" src=\"https:\/\/www.freizeit-pso.at\/wp-content\/uploads\/2018\/08\/Wanderwoche-1.jpg\" class=\"attachment-full\" alt=\"Rollstuhlgerechte Wanderung\" decoding=\"async\" loading=\"lazy\" srcset=\"https:\/\/www.freizeit-pso.at\/wp-content\/uploads\/2018\/08\/Wanderwoche-1.jpg 1836w, https:\/\/www.freizeit-pso.at\/wp-content\/uploads\/2018\/08\/Wanderwoche-1-300x217.jpg 300w, https:\/\/www.freizeit-pso.at\/wp-content\/uploads\/2018\/08\/Wanderwoche-1-768x556.jpg 768w, https:\/\/www.freizeit-pso.at\/wp-content\/uploads\/2018\/08\/Wanderwoche-1-1024x741.jpg 1024w, https:\/\/www.freizeit-pso.at\/wp-content\/uploads\/2018\/08\/Wanderwoche-1-600x434.jpg 600w\" sizes=\"(max-width: 1836px) 100vw, 1836px\" title=\"Rollstuhlgerechte Wanderung\" \/><\/a><\/div><div class=\"cz_hover_image cz_op_100\"><a href=\"https:\/\/www.freizeit-pso.at\/wp-content\/uploads\/2018\/08\/Wanderwoche-1.jpg\" ><img width=\"1836\" height=\"1328\" src=\"https:\/\/www.freizeit-pso.at\/wp-content\/uploads\/2018\/08\/Wanderwoche-1.jpg\" class=\"attachment-full\" alt=\"Rollstuhlgerechte Wanderung\" decoding=\"async\" loading=\"lazy\" srcset=\"https:\/\/www.freizeit-pso.at\/wp-content\/uploads\/2018\/08\/Wanderwoche-1.jpg 1836w, https:\/\/www.freizeit-pso.at\/wp-content\/uploads\/2018\/08\/Wanderwoche-1-300x217.jpg 300w, https:\/\/www.freizeit-pso.at\/wp-content\/uploads\/2018\/08\/Wanderwoche-1-768x556.jpg 768w, https:\/\/www.freizeit-pso.at\/wp-content\/uploads\/2018\/08\/Wanderwoche-1-1024x741.jpg 1024w, https:\/\/www.freizeit-pso.at\/wp-content\/uploads\/2018\/08\/Wanderwoche-1-600x434.jpg 600w\" sizes=\"(max-width: 1836px) 100vw, 1836px\" title=\"Rollstuhlgerechte Wanderung\" \/><\/a><\/div><\/div><\/div><\/div><div id=\"cz_92427\" class=\"cz_92427 cz_image\"><div class=\"\"><div class=\"cz_image_in\"><div class=\"cz_main_image cz_\"><a href=\"https:\/\/www.freizeit-pso.at\/wp-content\/uploads\/2018\/08\/Wanderwoche-2.jpg\" ><img width=\"1836\" height=\"1328\" src=\"https:\/\/www.freizeit-pso.at\/wp-content\/uploads\/2018\/08\/Wanderwoche-2.jpg\" class=\"attachment-full\" alt=\"mit Rolli auf den Dachstein\" decoding=\"async\" loading=\"lazy\" srcset=\"https:\/\/www.freizeit-pso.at\/wp-content\/uploads\/2018\/08\/Wanderwoche-2.jpg 1836w, https:\/\/www.freizeit-pso.at\/wp-content\/uploads\/2018\/08\/Wanderwoche-2-300x217.jpg 300w, https:\/\/www.freizeit-pso.at\/wp-content\/uploads\/2018\/08\/Wanderwoche-2-768x556.jpg 768w, https:\/\/www.freizeit-pso.at\/wp-content\/uploads\/2018\/08\/Wanderwoche-2-1024x741.jpg 1024w, https:\/\/www.freizeit-pso.at\/wp-content\/uploads\/2018\/08\/Wanderwoche-2-600x434.jpg 600w\" sizes=\"(max-width: 1836px) 100vw, 1836px\" title=\"mit Rolli auf den Dachstein\" \/><\/a><\/div><div class=\"cz_hover_image cz_op_100\"><a href=\"https:\/\/www.freizeit-pso.at\/wp-content\/uploads\/2018\/08\/Wanderwoche-2.jpg\" ><img width=\"1836\" height=\"1328\" src=\"https:\/\/www.freizeit-pso.at\/wp-content\/uploads\/2018\/08\/Wanderwoche-2.jpg\" class=\"attachment-full\" alt=\"mit Rolli auf den Dachstein\" decoding=\"async\" loading=\"lazy\" srcset=\"https:\/\/www.freizeit-pso.at\/wp-content\/uploads\/2018\/08\/Wanderwoche-2.jpg 1836w, https:\/\/www.freizeit-pso.at\/wp-content\/uploads\/2018\/08\/Wanderwoche-2-300x217.jpg 300w, https:\/\/www.freizeit-pso.at\/wp-content\/uploads\/2018\/08\/Wanderwoche-2-768x556.jpg 768w, https:\/\/www.freizeit-pso.at\/wp-content\/uploads\/2018\/08\/Wanderwoche-2-1024x741.jpg 1024w, https:\/\/www.freizeit-pso.at\/wp-content\/uploads\/2018\/08\/Wanderwoche-2-600x434.jpg 600w\" sizes=\"(max-width: 1836px) 100vw, 1836px\" title=\"mit Rolli auf den Dachstein\" \/><\/a><\/div><\/div><\/div><\/div><div id=\"cz_109574\" class=\"cz_109574 cz_image\"><div class=\"\"><div class=\"cz_image_in\"><div class=\"cz_main_image cz_\"><a href=\"https:\/\/www.freizeit-pso.at\/wp-content\/uploads\/2017\/06\/Alber-e-pilot-Wanderwoche3.jpg\" ><img width=\"1836\" height=\"1328\" src=\"https:\/\/www.freizeit-pso.at\/wp-content\/uploads\/2017\/06\/Alber-e-pilot-Wanderwoche3.jpg\" class=\"attachment-full\" alt=\"Zugger\u00e4t e-pilot\" decoding=\"async\" loading=\"lazy\" srcset=\"https:\/\/www.freizeit-pso.at\/wp-content\/uploads\/2017\/06\/Alber-e-pilot-Wanderwoche3.jpg 1836w, https:\/\/www.freizeit-pso.at\/wp-content\/uploads\/2017\/06\/Alber-e-pilot-Wanderwoche3-300x217.jpg 300w, https:\/\/www.freizeit-pso.at\/wp-content\/uploads\/2017\/06\/Alber-e-pilot-Wanderwoche3-768x556.jpg 768w, https:\/\/www.freizeit-pso.at\/wp-content\/uploads\/2017\/06\/Alber-e-pilot-Wanderwoche3-1024x741.jpg 1024w, https:\/\/www.freizeit-pso.at\/wp-content\/uploads\/2017\/06\/Alber-e-pilot-Wanderwoche3-600x434.jpg 600w\" sizes=\"(max-width: 1836px) 100vw, 1836px\" title=\"Zugger\u00e4t e-pilot\" \/><\/a><\/div><div class=\"cz_hover_image cz_op_100\"><a href=\"https:\/\/www.freizeit-pso.at\/wp-content\/uploads\/2017\/06\/Alber-e-pilot-Wanderwoche3.jpg\" ><img width=\"1836\" height=\"1328\" src=\"https:\/\/www.freizeit-pso.at\/wp-content\/uploads\/2017\/06\/Alber-e-pilot-Wanderwoche3.jpg\" class=\"attachment-full\" alt=\"Zugger\u00e4t e-pilot\" decoding=\"async\" loading=\"lazy\" srcset=\"https:\/\/www.freizeit-pso.at\/wp-content\/uploads\/2017\/06\/Alber-e-pilot-Wanderwoche3.jpg 1836w, https:\/\/www.freizeit-pso.at\/wp-content\/uploads\/2017\/06\/Alber-e-pilot-Wanderwoche3-300x217.jpg 300w, https:\/\/www.freizeit-pso.at\/wp-content\/uploads\/2017\/06\/Alber-e-pilot-Wanderwoche3-768x556.jpg 768w, https:\/\/www.freizeit-pso.at\/wp-content\/uploads\/2017\/06\/Alber-e-pilot-Wanderwoche3-1024x741.jpg 1024w, https:\/\/www.freizeit-pso.at\/wp-content\/uploads\/2017\/06\/Alber-e-pilot-Wanderwoche3-600x434.jpg 600w\" sizes=\"(max-width: 1836px) 100vw, 1836px\" title=\"Zugger\u00e4t e-pilot\" \/><\/a><\/div><\/div><\/div><\/div><div id=\"cz_40012\" class=\"cz_40012 cz_image\"><div class=\"\"><div class=\"cz_image_in\"><div class=\"cz_main_image cz_\"><a href=\"https:\/\/www.freizeit-pso.at\/wp-content\/uploads\/2018\/08\/Wanderwoche-3.jpg\" ><img width=\"1836\" height=\"1328\" src=\"https:\/\/www.freizeit-pso.at\/wp-content\/uploads\/2018\/08\/Wanderwoche-3.jpg\" class=\"attachment-full\" alt=\"barrierefreier Wanderurlaub\" decoding=\"async\" loading=\"lazy\" srcset=\"https:\/\/www.freizeit-pso.at\/wp-content\/uploads\/2018\/08\/Wanderwoche-3.jpg 1836w, https:\/\/www.freizeit-pso.at\/wp-content\/uploads\/2018\/08\/Wanderwoche-3-300x217.jpg 300w, https:\/\/www.freizeit-pso.at\/wp-content\/uploads\/2018\/08\/Wanderwoche-3-768x556.jpg 768w, https:\/\/www.freizeit-pso.at\/wp-content\/uploads\/2018\/08\/Wanderwoche-3-1024x741.jpg 1024w, https:\/\/www.freizeit-pso.at\/wp-content\/uploads\/2018\/08\/Wanderwoche-3-600x434.jpg 600w\" sizes=\"(max-width: 1836px) 100vw, 1836px\" title=\"barrierefreier Wanderurlaub\" \/><\/a><\/div><div class=\"cz_hover_image cz_op_100\"><a href=\"https:\/\/www.freizeit-pso.at\/wp-content\/uploads\/2018\/08\/Wanderwoche-3.jpg\" ><img width=\"1836\" height=\"1328\" src=\"https:\/\/www.freizeit-pso.at\/wp-content\/uploads\/2018\/08\/Wanderwoche-3.jpg\" class=\"attachment-full\" alt=\"barrierefreier Wanderurlaub\" decoding=\"async\" loading=\"lazy\" srcset=\"https:\/\/www.freizeit-pso.at\/wp-content\/uploads\/2018\/08\/Wanderwoche-3.jpg 1836w, https:\/\/www.freizeit-pso.at\/wp-content\/uploads\/2018\/08\/Wanderwoche-3-300x217.jpg 300w, https:\/\/www.freizeit-pso.at\/wp-content\/uploads\/2018\/08\/Wanderwoche-3-768x556.jpg 768w, https:\/\/www.freizeit-pso.at\/wp-content\/uploads\/2018\/08\/Wanderwoche-3-1024x741.jpg 1024w, https:\/\/www.freizeit-pso.at\/wp-content\/uploads\/2018\/08\/Wanderwoche-3-600x434.jpg 600w\" sizes=\"(max-width: 1836px) 100vw, 1836px\" title=\"barrierefreier Wanderurlaub\" \/><\/a><\/div><\/div><\/div><\/div><div id=\"cz_43780\" class=\"cz_43780 cz_image\"><div class=\"\"><div class=\"cz_image_in\"><div class=\"cz_main_image cz_\"><a href=\"https:\/\/www.freizeit-pso.at\/wp-content\/uploads\/2018\/08\/Wanderwoche-4.jpg\" ><img width=\"1836\" height=\"1328\" src=\"https:\/\/www.freizeit-pso.at\/wp-content\/uploads\/2018\/08\/Wanderwoche-4.jpg\" class=\"attachment-full\" alt=\"barrierefreier Wanderurlaub\" decoding=\"async\" loading=\"lazy\" srcset=\"https:\/\/www.freizeit-pso.at\/wp-content\/uploads\/2018\/08\/Wanderwoche-4.jpg 1836w, https:\/\/www.freizeit-pso.at\/wp-content\/uploads\/2018\/08\/Wanderwoche-4-300x217.jpg 300w, https:\/\/www.freizeit-pso.at\/wp-content\/uploads\/2018\/08\/Wanderwoche-4-768x556.jpg 768w, https:\/\/www.freizeit-pso.at\/wp-content\/uploads\/2018\/08\/Wanderwoche-4-1024x741.jpg 1024w, https:\/\/www.freizeit-pso.at\/wp-content\/uploads\/2018\/08\/Wanderwoche-4-600x434.jpg 600w\" sizes=\"(max-width: 1836px) 100vw, 1836px\" title=\"barrierefreier Wanderurlaub\" \/><\/a><\/div><div class=\"cz_hover_image cz_op_100\"><a href=\"https:\/\/www.freizeit-pso.at\/wp-content\/uploads\/2018\/08\/Wanderwoche-4.jpg\" ><img width=\"1836\" height=\"1328\" src=\"https:\/\/www.freizeit-pso.at\/wp-content\/uploads\/2018\/08\/Wanderwoche-4.jpg\" class=\"attachment-full\" alt=\"barrierefreier Wanderurlaub\" decoding=\"async\" loading=\"lazy\" srcset=\"https:\/\/www.freizeit-pso.at\/wp-content\/uploads\/2018\/08\/Wanderwoche-4.jpg 1836w, https:\/\/www.freizeit-pso.at\/wp-content\/uploads\/2018\/08\/Wanderwoche-4-300x217.jpg 300w, https:\/\/www.freizeit-pso.at\/wp-content\/uploads\/2018\/08\/Wanderwoche-4-768x556.jpg 768w, https:\/\/www.freizeit-pso.at\/wp-content\/uploads\/2018\/08\/Wanderwoche-4-1024x741.jpg 1024w, https:\/\/www.freizeit-pso.at\/wp-content\/uploads\/2018\/08\/Wanderwoche-4-600x434.jpg 600w\" sizes=\"(max-width: 1836px) 100vw, 1836px\" title=\"barrierefreier Wanderurlaub\" \/><\/a><\/div><\/div><\/div><\/div><div id=\"cz_33889\" class=\"cz_33889 cz_image\"><div class=\"\"><div class=\"cz_image_in\"><div class=\"cz_main_image cz_\"><a href=\"https:\/\/www.freizeit-pso.at\/wp-content\/uploads\/2018\/08\/Wanderwoche-5.jpg\" ><img width=\"1836\" height=\"1328\" src=\"https:\/\/www.freizeit-pso.at\/wp-content\/uploads\/2018\/08\/Wanderwoche-5.jpg\" class=\"attachment-full\" alt=\"Wanderung mit Gehbehinderung\" decoding=\"async\" loading=\"lazy\" srcset=\"https:\/\/www.freizeit-pso.at\/wp-content\/uploads\/2018\/08\/Wanderwoche-5.jpg 1836w, https:\/\/www.freizeit-pso.at\/wp-content\/uploads\/2018\/08\/Wanderwoche-5-300x217.jpg 300w, https:\/\/www.freizeit-pso.at\/wp-content\/uploads\/2018\/08\/Wanderwoche-5-768x556.jpg 768w, https:\/\/www.freizeit-pso.at\/wp-content\/uploads\/2018\/08\/Wanderwoche-5-1024x741.jpg 1024w, https:\/\/www.freizeit-pso.at\/wp-content\/uploads\/2018\/08\/Wanderwoche-5-600x434.jpg 600w\" sizes=\"(max-width: 1836px) 100vw, 1836px\" title=\"Wanderung mit Gehbehinderung\" \/><\/a><\/div><div class=\"cz_hover_image cz_op_100\"><a href=\"https:\/\/www.freizeit-pso.at\/wp-content\/uploads\/2018\/08\/Wanderwoche-5.jpg\" ><img width=\"1836\" height=\"1328\" src=\"https:\/\/www.freizeit-pso.at\/wp-content\/uploads\/2018\/08\/Wanderwoche-5.jpg\" class=\"attachment-full\" alt=\"Wanderung mit Gehbehinderung\" decoding=\"async\" loading=\"lazy\" srcset=\"https:\/\/www.freizeit-pso.at\/wp-content\/uploads\/2018\/08\/Wanderwoche-5.jpg 1836w, https:\/\/www.freizeit-pso.at\/wp-content\/uploads\/2018\/08\/Wanderwoche-5-300x217.jpg 300w, https:\/\/www.freizeit-pso.at\/wp-content\/uploads\/2018\/08\/Wanderwoche-5-768x556.jpg 768w, https:\/\/www.freizeit-pso.at\/wp-content\/uploads\/2018\/08\/Wanderwoche-5-1024x741.jpg 1024w, https:\/\/www.freizeit-pso.at\/wp-content\/uploads\/2018\/08\/Wanderwoche-5-600x434.jpg 600w\" sizes=\"(max-width: 1836px) 100vw, 1836px\" title=\"Wanderung mit Gehbehinderung\" \/><\/a><\/div><\/div><\/div><\/div><div id=\"cz_96310\" class=\"cz_96310 cz_image\"><div class=\"\"><div class=\"cz_image_in\"><div class=\"cz_main_image cz_\"><a href=\"https:\/\/www.freizeit-pso.at\/wp-content\/uploads\/2017\/06\/Alber-e-pilot-Wanderwoche.jpg\" ><img width=\"1836\" height=\"1328\" src=\"https:\/\/www.freizeit-pso.at\/wp-content\/uploads\/2017\/06\/Alber-e-pilot-Wanderwoche.jpg\" class=\"attachment-full\" alt=\"Zugger\u00e4t e-pilot\" decoding=\"async\" loading=\"lazy\" srcset=\"https:\/\/www.freizeit-pso.at\/wp-content\/uploads\/2017\/06\/Alber-e-pilot-Wanderwoche.jpg 1836w, https:\/\/www.freizeit-pso.at\/wp-content\/uploads\/2017\/06\/Alber-e-pilot-Wanderwoche-300x217.jpg 300w, https:\/\/www.freizeit-pso.at\/wp-content\/uploads\/2017\/06\/Alber-e-pilot-Wanderwoche-768x556.jpg 768w, https:\/\/www.freizeit-pso.at\/wp-content\/uploads\/2017\/06\/Alber-e-pilot-Wanderwoche-1024x741.jpg 1024w, https:\/\/www.freizeit-pso.at\/wp-content\/uploads\/2017\/06\/Alber-e-pilot-Wanderwoche-600x434.jpg 600w\" sizes=\"(max-width: 1836px) 100vw, 1836px\" title=\"Zugger\u00e4t e-pilot\" \/><\/a><\/div><div class=\"cz_hover_image cz_op_100\"><a href=\"https:\/\/www.freizeit-pso.at\/wp-content\/uploads\/2017\/06\/Alber-e-pilot-Wanderwoche.jpg\" ><img width=\"1836\" height=\"1328\" src=\"https:\/\/www.freizeit-pso.at\/wp-content\/uploads\/2017\/06\/Alber-e-pilot-Wanderwoche.jpg\" class=\"attachment-full\" alt=\"Zugger\u00e4t e-pilot\" decoding=\"async\" loading=\"lazy\" srcset=\"https:\/\/www.freizeit-pso.at\/wp-content\/uploads\/2017\/06\/Alber-e-pilot-Wanderwoche.jpg 1836w, https:\/\/www.freizeit-pso.at\/wp-content\/uploads\/2017\/06\/Alber-e-pilot-Wanderwoche-300x217.jpg 300w, https:\/\/www.freizeit-pso.at\/wp-content\/uploads\/2017\/06\/Alber-e-pilot-Wanderwoche-768x556.jpg 768w, https:\/\/www.freizeit-pso.at\/wp-content\/uploads\/2017\/06\/Alber-e-pilot-Wanderwoche-1024x741.jpg 1024w, https:\/\/www.freizeit-pso.at\/wp-content\/uploads\/2017\/06\/Alber-e-pilot-Wanderwoche-600x434.jpg 600w\" sizes=\"(max-width: 1836px) 100vw, 1836px\" title=\"Zugger\u00e4t e-pilot\" \/><\/a><\/div><\/div><\/div><\/div><div id=\"cz_70887\" class=\"cz_70887 cz_image\"><div class=\"\"><div class=\"cz_image_in\"><div class=\"cz_main_image cz_\"><a href=\"https:\/\/www.freizeit-pso.at\/wp-content\/uploads\/2018\/08\/Wanderwoche-6.jpg\" ><img width=\"1836\" height=\"1328\" src=\"https:\/\/www.freizeit-pso.at\/wp-content\/uploads\/2018\/08\/Wanderwoche-6.jpg\" class=\"attachment-full\" alt=\"Rollstuhlgerechter Wanderurlaub\" decoding=\"async\" loading=\"lazy\" srcset=\"https:\/\/www.freizeit-pso.at\/wp-content\/uploads\/2018\/08\/Wanderwoche-6.jpg 1836w, https:\/\/www.freizeit-pso.at\/wp-content\/uploads\/2018\/08\/Wanderwoche-6-300x217.jpg 300w, https:\/\/www.freizeit-pso.at\/wp-content\/uploads\/2018\/08\/Wanderwoche-6-768x556.jpg 768w, https:\/\/www.freizeit-pso.at\/wp-content\/uploads\/2018\/08\/Wanderwoche-6-1024x741.jpg 1024w, https:\/\/www.freizeit-pso.at\/wp-content\/uploads\/2018\/08\/Wanderwoche-6-600x434.jpg 600w\" sizes=\"(max-width: 1836px) 100vw, 1836px\" title=\"Rollstuhlgerechter Wanderurlaub\" \/><\/a><\/div><div class=\"cz_hover_image cz_op_100\"><a href=\"https:\/\/www.freizeit-pso.at\/wp-content\/uploads\/2018\/08\/Wanderwoche-6.jpg\" ><img width=\"1836\" height=\"1328\" src=\"https:\/\/www.freizeit-pso.at\/wp-content\/uploads\/2018\/08\/Wanderwoche-6.jpg\" class=\"attachment-full\" alt=\"Rollstuhlgerechter Wanderurlaub\" decoding=\"async\" loading=\"lazy\" srcset=\"https:\/\/www.freizeit-pso.at\/wp-content\/uploads\/2018\/08\/Wanderwoche-6.jpg 1836w, https:\/\/www.freizeit-pso.at\/wp-content\/uploads\/2018\/08\/Wanderwoche-6-300x217.jpg 300w, https:\/\/www.freizeit-pso.at\/wp-content\/uploads\/2018\/08\/Wanderwoche-6-768x556.jpg 768w, https:\/\/www.freizeit-pso.at\/wp-content\/uploads\/2018\/08\/Wanderwoche-6-1024x741.jpg 1024w, https:\/\/www.freizeit-pso.at\/wp-content\/uploads\/2018\/08\/Wanderwoche-6-600x434.jpg 600w\" sizes=\"(max-width: 1836px) 100vw, 1836px\" title=\"Rollstuhlgerechter Wanderurlaub\" \/><\/a><\/div><\/div><\/div><\/div><div id=\"cz_95095\" class=\"cz_95095 cz_image\"><div class=\"\"><div class=\"cz_image_in\"><div class=\"cz_main_image cz_\"><a href=\"https:\/\/www.freizeit-pso.at\/wp-content\/uploads\/2018\/08\/Wanderwoche-7.jpg\" ><img width=\"1836\" height=\"1328\" src=\"https:\/\/www.freizeit-pso.at\/wp-content\/uploads\/2018\/08\/Wanderwoche-7.jpg\" class=\"attachment-full\" alt=\"barrierefreier Wanderurlaub\" decoding=\"async\" loading=\"lazy\" srcset=\"https:\/\/www.freizeit-pso.at\/wp-content\/uploads\/2018\/08\/Wanderwoche-7.jpg 1836w, https:\/\/www.freizeit-pso.at\/wp-content\/uploads\/2018\/08\/Wanderwoche-7-300x217.jpg 300w, https:\/\/www.freizeit-pso.at\/wp-content\/uploads\/2018\/08\/Wanderwoche-7-768x556.jpg 768w, https:\/\/www.freizeit-pso.at\/wp-content\/uploads\/2018\/08\/Wanderwoche-7-1024x741.jpg 1024w, https:\/\/www.freizeit-pso.at\/wp-content\/uploads\/2018\/08\/Wanderwoche-7-600x434.jpg 600w\" sizes=\"(max-width: 1836px) 100vw, 1836px\" title=\"barrierefreier Wanderurlaub\" \/><\/a><\/div><div class=\"cz_hover_image cz_op_100\"><a href=\"https:\/\/www.freizeit-pso.at\/wp-content\/uploads\/2018\/08\/Wanderwoche-7.jpg\" ><img width=\"1836\" height=\"1328\" src=\"https:\/\/www.freizeit-pso.at\/wp-content\/uploads\/2018\/08\/Wanderwoche-7.jpg\" class=\"attachment-full\" alt=\"barrierefreier Wanderurlaub\" decoding=\"async\" loading=\"lazy\" srcset=\"https:\/\/www.freizeit-pso.at\/wp-content\/uploads\/2018\/08\/Wanderwoche-7.jpg 1836w, https:\/\/www.freizeit-pso.at\/wp-content\/uploads\/2018\/08\/Wanderwoche-7-300x217.jpg 300w, https:\/\/www.freizeit-pso.at\/wp-content\/uploads\/2018\/08\/Wanderwoche-7-768x556.jpg 768w, https:\/\/www.freizeit-pso.at\/wp-content\/uploads\/2018\/08\/Wanderwoche-7-1024x741.jpg 1024w, https:\/\/www.freizeit-pso.at\/wp-content\/uploads\/2018\/08\/Wanderwoche-7-600x434.jpg 600w\" sizes=\"(max-width: 1836px) 100vw, 1836px\" title=\"barrierefreier Wanderurlaub\" \/><\/a><\/div><\/div><\/div><\/div><div id=\"cz_26577\" class=\"cz_26577 cz_image\"><div class=\"\"><div class=\"cz_image_in\"><div class=\"cz_main_image cz_\"><a href=\"https:\/\/www.freizeit-pso.at\/wp-content\/uploads\/2018\/08\/Wanderwoche-8.jpg\" ><img width=\"1836\" height=\"1328\" src=\"https:\/\/www.freizeit-pso.at\/wp-content\/uploads\/2018\/08\/Wanderwoche-8.jpg\" class=\"attachment-full\" alt=\"Rollstuhlgerechter Wanderurlaub\" decoding=\"async\" loading=\"lazy\" srcset=\"https:\/\/www.freizeit-pso.at\/wp-content\/uploads\/2018\/08\/Wanderwoche-8.jpg 1836w, https:\/\/www.freizeit-pso.at\/wp-content\/uploads\/2018\/08\/Wanderwoche-8-300x217.jpg 300w, https:\/\/www.freizeit-pso.at\/wp-content\/uploads\/2018\/08\/Wanderwoche-8-768x556.jpg 768w, https:\/\/www.freizeit-pso.at\/wp-content\/uploads\/2018\/08\/Wanderwoche-8-1024x741.jpg 1024w, https:\/\/www.freizeit-pso.at\/wp-content\/uploads\/2018\/08\/Wanderwoche-8-600x434.jpg 600w\" sizes=\"(max-width: 1836px) 100vw, 1836px\" title=\"Rollstuhlgerechter Wanderurlaub\" \/><\/a><\/div><div class=\"cz_hover_image cz_op_100\"><a href=\"https:\/\/www.freizeit-pso.at\/wp-content\/uploads\/2018\/08\/Wanderwoche-8.jpg\" ><img width=\"1836\" height=\"1328\" src=\"https:\/\/www.freizeit-pso.at\/wp-content\/uploads\/2018\/08\/Wanderwoche-8.jpg\" class=\"attachment-full\" alt=\"Rollstuhlgerechter Wanderurlaub\" decoding=\"async\" loading=\"lazy\" srcset=\"https:\/\/www.freizeit-pso.at\/wp-content\/uploads\/2018\/08\/Wanderwoche-8.jpg 1836w, https:\/\/www.freizeit-pso.at\/wp-content\/uploads\/2018\/08\/Wanderwoche-8-300x217.jpg 300w, https:\/\/www.freizeit-pso.at\/wp-content\/uploads\/2018\/08\/Wanderwoche-8-768x556.jpg 768w, https:\/\/www.freizeit-pso.at\/wp-content\/uploads\/2018\/08\/Wanderwoche-8-1024x741.jpg 1024w, https:\/\/www.freizeit-pso.at\/wp-content\/uploads\/2018\/08\/Wanderwoche-8-600x434.jpg 600w\" sizes=\"(max-width: 1836px) 100vw, 1836px\" title=\"Rollstuhlgerechter Wanderurlaub\" \/><\/a><\/div><\/div><\/div><\/div><div id=\"cz_95269\" class=\"cz_95269 cz_image\"><div class=\"\"><div class=\"cz_image_in\"><div class=\"cz_main_image cz_\"><a href=\"https:\/\/www.freizeit-pso.at\/wp-content\/uploads\/2018\/08\/Wanderwoche-9.jpg\" ><img width=\"1836\" height=\"1328\" src=\"https:\/\/www.freizeit-pso.at\/wp-content\/uploads\/2018\/08\/Wanderwoche-9.jpg\" class=\"attachment-full\" alt=\"rollstuhlgerechte Wanderung\" decoding=\"async\" loading=\"lazy\" srcset=\"https:\/\/www.freizeit-pso.at\/wp-content\/uploads\/2018\/08\/Wanderwoche-9.jpg 1836w, https:\/\/www.freizeit-pso.at\/wp-content\/uploads\/2018\/08\/Wanderwoche-9-300x217.jpg 300w, https:\/\/www.freizeit-pso.at\/wp-content\/uploads\/2018\/08\/Wanderwoche-9-768x556.jpg 768w, https:\/\/www.freizeit-pso.at\/wp-content\/uploads\/2018\/08\/Wanderwoche-9-1024x741.jpg 1024w, https:\/\/www.freizeit-pso.at\/wp-content\/uploads\/2018\/08\/Wanderwoche-9-600x434.jpg 600w\" sizes=\"(max-width: 1836px) 100vw, 1836px\" title=\"rollstuhlgerechte Wanderung\" \/><\/a><\/div><div class=\"cz_hover_image cz_op_100\"><a href=\"https:\/\/www.freizeit-pso.at\/wp-content\/uploads\/2018\/08\/Wanderwoche-9.jpg\" ><img width=\"1836\" height=\"1328\" src=\"https:\/\/www.freizeit-pso.at\/wp-content\/uploads\/2018\/08\/Wanderwoche-9.jpg\" class=\"attachment-full\" alt=\"rollstuhlgerechte Wanderung\" decoding=\"async\" loading=\"lazy\" srcset=\"https:\/\/www.freizeit-pso.at\/wp-content\/uploads\/2018\/08\/Wanderwoche-9.jpg 1836w, https:\/\/www.freizeit-pso.at\/wp-content\/uploads\/2018\/08\/Wanderwoche-9-300x217.jpg 300w, https:\/\/www.freizeit-pso.at\/wp-content\/uploads\/2018\/08\/Wanderwoche-9-768x556.jpg 768w, https:\/\/www.freizeit-pso.at\/wp-content\/uploads\/2018\/08\/Wanderwoche-9-1024x741.jpg 1024w, https:\/\/www.freizeit-pso.at\/wp-content\/uploads\/2018\/08\/Wanderwoche-9-600x434.jpg 600w\" sizes=\"(max-width: 1836px) 100vw, 1836px\" title=\"rollstuhlgerechte Wanderung\" \/><\/a><\/div><\/div><\/div><\/div><div id=\"cz_15135\" class=\"cz_15135 cz_image\"><div class=\"\"><div class=\"cz_image_in\"><div class=\"cz_main_image cz_\"><a href=\"https:\/\/www.freizeit-pso.at\/wp-content\/uploads\/2018\/08\/Wanderwoche-10.jpg\" ><img width=\"1836\" height=\"1328\" src=\"https:\/\/www.freizeit-pso.at\/wp-content\/uploads\/2018\/08\/Wanderwoche-10.jpg\" class=\"attachment-full\" alt=\"barrierefreie Wanderung\" decoding=\"async\" loading=\"lazy\" srcset=\"https:\/\/www.freizeit-pso.at\/wp-content\/uploads\/2018\/08\/Wanderwoche-10.jpg 1836w, https:\/\/www.freizeit-pso.at\/wp-content\/uploads\/2018\/08\/Wanderwoche-10-300x217.jpg 300w, https:\/\/www.freizeit-pso.at\/wp-content\/uploads\/2018\/08\/Wanderwoche-10-768x556.jpg 768w, https:\/\/www.freizeit-pso.at\/wp-content\/uploads\/2018\/08\/Wanderwoche-10-1024x741.jpg 1024w, https:\/\/www.freizeit-pso.at\/wp-content\/uploads\/2018\/08\/Wanderwoche-10-600x434.jpg 600w\" sizes=\"(max-width: 1836px) 100vw, 1836px\" title=\"barrierefreie Wanderung\" \/><\/a><\/div><div class=\"cz_hover_image cz_op_100\"><a href=\"https:\/\/www.freizeit-pso.at\/wp-content\/uploads\/2018\/08\/Wanderwoche-10.jpg\" ><img width=\"1836\" height=\"1328\" src=\"https:\/\/www.freizeit-pso.at\/wp-content\/uploads\/2018\/08\/Wanderwoche-10.jpg\" class=\"attachment-full\" alt=\"barrierefreie Wanderung\" decoding=\"async\" loading=\"lazy\" srcset=\"https:\/\/www.freizeit-pso.at\/wp-content\/uploads\/2018\/08\/Wanderwoche-10.jpg 1836w, https:\/\/www.freizeit-pso.at\/wp-content\/uploads\/2018\/08\/Wanderwoche-10-300x217.jpg 300w, https:\/\/www.freizeit-pso.at\/wp-content\/uploads\/2018\/08\/Wanderwoche-10-768x556.jpg 768w, https:\/\/www.freizeit-pso.at\/wp-content\/uploads\/2018\/08\/Wanderwoche-10-1024x741.jpg 1024w, https:\/\/www.freizeit-pso.at\/wp-content\/uploads\/2018\/08\/Wanderwoche-10-600x434.jpg 600w\" sizes=\"(max-width: 1836px) 100vw, 1836px\" title=\"barrierefreie Wanderung\" \/><\/a><\/div><\/div><\/div><\/div><div id=\"cz_62837\" class=\"cz_62837 cz_image\"><div class=\"\"><div class=\"cz_image_in\"><div class=\"cz_main_image cz_\"><a href=\"https:\/\/www.freizeit-pso.at\/wp-content\/uploads\/2018\/08\/Alber-e-pilot-Wanderwoche2.jpg\" ><img width=\"1836\" height=\"1328\" src=\"https:\/\/www.freizeit-pso.at\/wp-content\/uploads\/2018\/08\/Alber-e-pilot-Wanderwoche2.jpg\" class=\"attachment-full\" alt=\"e-pilot hiking week\" decoding=\"async\" loading=\"lazy\" srcset=\"https:\/\/www.freizeit-pso.at\/wp-content\/uploads\/2018\/08\/Alber-e-pilot-Wanderwoche2.jpg 1836w, https:\/\/www.freizeit-pso.at\/wp-content\/uploads\/2018\/08\/Alber-e-pilot-Wanderwoche2-300x217.jpg 300w, https:\/\/www.freizeit-pso.at\/wp-content\/uploads\/2018\/08\/Alber-e-pilot-Wanderwoche2-768x556.jpg 768w, https:\/\/www.freizeit-pso.at\/wp-content\/uploads\/2018\/08\/Alber-e-pilot-Wanderwoche2-1024x741.jpg 1024w, https:\/\/www.freizeit-pso.at\/wp-content\/uploads\/2018\/08\/Alber-e-pilot-Wanderwoche2-600x434.jpg 600w\" sizes=\"(max-width: 1836px) 100vw, 1836px\" title=\"e-pilot hiking week\" \/><\/a><\/div><div class=\"cz_hover_image cz_op_100\"><a href=\"https:\/\/www.freizeit-pso.at\/wp-content\/uploads\/2018\/08\/Alber-e-pilot-Wanderwoche2.jpg\" ><img width=\"1836\" height=\"1328\" src=\"https:\/\/www.freizeit-pso.at\/wp-content\/uploads\/2018\/08\/Alber-e-pilot-Wanderwoche2.jpg\" class=\"attachment-full\" alt=\"e-pilot hiking week\" decoding=\"async\" loading=\"lazy\" srcset=\"https:\/\/www.freizeit-pso.at\/wp-content\/uploads\/2018\/08\/Alber-e-pilot-Wanderwoche2.jpg 1836w, https:\/\/www.freizeit-pso.at\/wp-content\/uploads\/2018\/08\/Alber-e-pilot-Wanderwoche2-300x217.jpg 300w, https:\/\/www.freizeit-pso.at\/wp-content\/uploads\/2018\/08\/Alber-e-pilot-Wanderwoche2-768x556.jpg 768w, https:\/\/www.freizeit-pso.at\/wp-content\/uploads\/2018\/08\/Alber-e-pilot-Wanderwoche2-1024x741.jpg 1024w, https:\/\/www.freizeit-pso.at\/wp-content\/uploads\/2018\/08\/Alber-e-pilot-Wanderwoche2-600x434.jpg 600w\" sizes=\"(max-width: 1836px) 100vw, 1836px\" title=\"e-pilot hiking week\" \/><\/a><\/div><\/div><\/div><\/div><\/div><div><\/div>[\/vc_column][vc_column width=&#8221;1\/2&#8243;]<div id=\"cz_35161\" class=\"cz_35161 cz_title clr cz_title_pos_inline\"><div class=\"cz_title_content\"><div class=\"cz_wpe_content\"><h3><strong>Adaptive hiking week<\/strong><br \/>\nfrom 12. &#8211; 17.07.2026<\/h3>\n<\/div><\/div><\/div><div class=\"cz_gap clr \" style=\"height: 20px\"><\/div>[vc_column_text]Relax, move, recharge your batteries, feel your body and leave everyday life behind you &#8211; in the midst of the fantastic mountain and natural landscape of Schladming-Dachstein.<\/p>\n<p><strong>Pure nature!<\/strong> During this holiday you will get to know the Austrian nature from its most beautiful side. You can fully recharge your energy stores in nature and spend a relaxing time here in the fascinating Schladming-Dachstein region. After the hikes you will have time to relax and unwind and get to know the beautiful town of Schladming with its cosy caf\u00e9s.<\/p>\n<p><strong>NEW<\/strong> &#8211; Test our new all-terrain and electric wheelchairs. There are 3 Swiss-Tracs, 1 e-pilot from the company Alber and a wheelchair with electric push assistance available free of charge.<\/p>\n<p><strong>Suitable for:<\/strong> People with and without disabilities[\/vc_column_text][vc_row_inner][vc_column_inner]<div id=\"cz_27723\" class=\"cz_27723 slick arrows_mlr dots_bc dots_circle dots_inner arrows_inner arrows_show_on_hover\" data-slick='{\"selector\":\"\",\"slidesToShow\":8,\"slidesToScroll\":1,\"rows\":1,\"fade\":false,\"vertical\":false,\"verticalSwiping\":false,\"infinite\":true,\"speed\":1000,\"centerMode\":false,\"centerPadding\":\"\",\"variableWidth\":false,\"autoplay\":false,\"autoplaySpeed\":4000,\"dots\":true,\"adaptiveHeight\":true,\"prevArrow\":\"<button type=\\\"button\\\" class=\\\"slick-prev\\\"><i class=\\\"fa fa-chevron-left\\\"><\\\/i><\\\/button>\",\"nextArrow\":\"<button type=\\\"button\\\" class=\\\"slick-next\\\"><i class=\\\"fa fa-chevron-right\\\"><\\\/i><\\\/button>\",\"responsive\":[{\"breakpoint\":768,\"settings\":{\"slidesToShow\":5,\"slidesToScroll\":1,\"touchMove\":true}},{\"breakpoint\":480,\"settings\":{\"slidesToShow\":5,\"slidesToScroll\":1,\"touchMove\":true}}]}'><div id=\"cz_71762\" class=\"cz_71762\"><div class=\"cz_grid cz_grid_1 clr cz_grid_carousel cz_grid_1_no_hover cz_grid_1_mid tac\"><div class=\"cz_grid_item cz_grid_first\"><\/div><div class=\"cz_grid_item cz_gallery2\"><div><a title=\"Wheelchair user\" class=\"cz_grid_link \" href=\"#no\" target=\"_blank\"><img width=\"1\" height=\"1\" src=\"https:\/\/www.freizeit-pso.at\/wp-content\/uploads\/2017\/06\/rolli.svg\" class=\"attachment-full\" alt=\"\" decoding=\"async\" loading=\"lazy\" title=\"Rollstuhlfahrer\" \/><div class=\"cz_grid_details\"><i class=\"fa fa-search cz_grid_icon\"><\/i><h3>Wheelchair user<\/h3><\/div><\/a><\/div><\/div><div class=\"cz_grid_item cz_gallery2\"><div><a title=\"Wheelchair user with assistance\" class=\"cz_grid_link \" href=\"#no\" target=\"_blank\"><img width=\"1\" height=\"1\" src=\"https:\/\/www.freizeit-pso.at\/wp-content\/uploads\/2017\/06\/rolli2.svg\" class=\"attachment-full\" alt=\"Rollstuhlfahrer mit Assistenz\" decoding=\"async\" loading=\"lazy\" title=\"Rollstuhlfahrer mit Assistenz\" \/><div class=\"cz_grid_details\"><i class=\"fa fa-search cz_grid_icon\"><\/i><h3>Wheelchair user with assistance<\/h3><\/div><\/a><\/div><\/div><div class=\"cz_grid_item cz_gallery2\"><div><a title=\"People with walking disabilities with assistance\" class=\"cz_grid_link \" href=\"#no\" target=\"_blank\"><img width=\"1\" height=\"1\" src=\"https:\/\/www.freizeit-pso.at\/wp-content\/uploads\/2017\/06\/fussg2.svg\" class=\"attachment-full\" alt=\"Gehbehinderung mit Assistenz\" decoding=\"async\" loading=\"lazy\" title=\"Gehbehinderung mit Assistenz\" \/><div class=\"cz_grid_details\"><i class=\"fa fa-search cz_grid_icon\"><\/i><h3>People with walking disabilities with assistance<\/h3><\/div><\/a><\/div><\/div><div class=\"cz_grid_item cz_gallery2\"><div><a title=\"People with walking disabilities\" class=\"cz_grid_link \" href=\"#no\" target=\"_blank\"><img width=\"1\" height=\"1\" src=\"https:\/\/www.freizeit-pso.at\/wp-content\/uploads\/2017\/06\/fussg.svg\" class=\"attachment-full\" alt=\"Menschen mit Gehbehinderung\" decoding=\"async\" loading=\"lazy\" title=\"Menschen mit Gehbehinderung\" \/><div class=\"cz_grid_details\"><i class=\"fa fa-search cz_grid_icon\"><\/i><h3>People with walking disabilities<\/h3><\/div><\/a><\/div><\/div><div class=\"cz_grid_item cz_gallery2\"><div><a title=\"People with visual impairments\" class=\"cz_grid_link \" href=\"#no\" target=\"_blank\"><img width=\"1\" height=\"1\" src=\"https:\/\/www.freizeit-pso.at\/wp-content\/uploads\/2018\/09\/blind2.svg\" class=\"attachment-full\" alt=\"Menschen mit Sehbehinderung\" decoding=\"async\" loading=\"lazy\" title=\"Menschen mit Sehbehinderung\" \/><div class=\"cz_grid_details\"><i class=\"fa fa-search cz_grid_icon\"><\/i><h3>People with visual impairments<\/h3><\/div><\/a><\/div><\/div><\/div><\/div><\/div><div data-cz-style='#cz_27723 .slick-slide { margin: 0 2px }'><\/div>[\/vc_column_inner][\/vc_row_inner][\/vc_column][\/vc_row][vc_row el_id=&#8221;infos&#8221;][vc_column]<div class=\"cz_gap clr  hide_on_tablet hide_on_mobile\" style=\"height: 50px\"><\/div><div class=\"cz_gap show_on_tablet clr  show_only_tablet\" style=\"height: 0px\"><\/div><div class=\"cz_gap show_on_mobile clr\" style=\"height: 0px\"><\/div><div id=\"cz_43825\" class=\"cz_43825 cz_tabs clr cz_tabs_htl\"><div class=\"cz_tabs_content\"><a class=\"cz_tab_a hide\" data-tab=\"cz_83060\">Prices<\/a><div id=\"cz_83060\" class=\"cz_tab\"><div>[vc_row_inner][vc_column_inner width=&#8221;1\/2&#8243;]<div id=\"cz_12130\" class=\"cz_12130 cz_title clr cz_title_pos_inline\"><div class=\"cz_title_content\"><div class=\"cz_wpe_content\"><h3>Adaptive hiking week | 12. &#8211; 17.07.2026<\/h3>\n<\/div><\/div><\/div><div class=\"cz_gap clr \" style=\"height: 20px\"><\/div><div id=\"cz_62613\" class=\"cz_62613 cz_title clr cz_title_pos_inline\"><div class=\"cz_title_content\"><div class=\"cz_wpe_content\"><p><strong>Information on social prices:<\/strong> You are free to choose between prices in price groups 3-5. If you decide on price group 1 or 2, we ask you to submit an informal request with a brief explanation of your financial situation.<\/p>\n<p>&nbsp;<\/p>\n<p>Booking at <span style=\"font-size: 17px;\"><strong><a href=\"https:\/\/www.jufa.eu\/hotel\/schladming\" target=\"_blank\" rel=\"noopener\">JUFA Schladming<\/a><\/strong><\/span><\/p>\n<div id=\"postbox-container-1\" class=\"postbox-container\">\n<div id=\"side-sortables\" class=\"meta-box-sortables ui-sortable\">\n<div id=\"submitdiv\" class=\"postbox \">\n<div class=\"inside\">\n<div id=\"submitpost\" class=\"submitbox\">\n<div><div class='jtrt_table_MotherShipContainer'><div class='jtTableContainer jtrespo-scroll  ' ><div class='jtsettingcontainer' style='display:none;position:absolute;left:-9999px;'><textarea data-jtrt-table-id='7688' id='jtrt_table_settings_7688' cols='30' rows='10'>[[[\"\",\"Financial support from PSO\",\"Your price\"],[\"social scale 1\",\"\\u20ac 1.891\",\"\\u20ac 1.160\"],[\"social scale 2\",\"\\u20ac 1.752\",\"\\u20ac 1.299\"],[\"social scale 3\",\"\\u20ac 1.601\",\"\\u20ac 1.450\"],[\"social scale 4\",\"\\u20ac 1.427\",\"\\u20ac 1.624\"],[\"social scale 5\",\"\\u20ac 1.195\",\"\\u20ac 1.856\"]],[{\"row\":0,\"col\":0,\"visualRow\":0,\"visualCol\":0,\"prop\":0},{\"row\":0,\"col\":1,\"visualRow\":0,\"visualCol\":1,\"prop\":1,\"className\":\"htLeft\"},{\"row\":0,\"col\":2,\"visualRow\":0,\"visualCol\":2,\"prop\":2,\"className\":\"htLeft\"},{\"row\":1,\"col\":0,\"visualRow\":1,\"visualCol\":0,\"prop\":0},{\"row\":1,\"col\":1,\"visualRow\":1,\"visualCol\":1,\"prop\":1},{\"row\":1,\"col\":2,\"visualRow\":1,\"visualCol\":2,\"prop\":2},{\"row\":2,\"col\":0,\"visualRow\":2,\"visualCol\":0,\"prop\":0},{\"row\":2,\"col\":1,\"visualRow\":2,\"visualCol\":1,\"prop\":1},{\"row\":2,\"col\":2,\"visualRow\":2,\"visualCol\":2,\"prop\":2},{\"row\":3,\"col\":0,\"visualRow\":3,\"visualCol\":0,\"prop\":0},{\"row\":3,\"col\":1,\"visualRow\":3,\"visualCol\":1,\"prop\":1},{\"row\":3,\"col\":2,\"visualRow\":3,\"visualCol\":2,\"prop\":2},{\"row\":4,\"col\":0,\"visualRow\":4,\"visualCol\":0,\"prop\":0},{\"row\":4,\"col\":1,\"visualRow\":4,\"visualCol\":1,\"prop\":1},{\"row\":4,\"col\":2,\"visualRow\":4,\"visualCol\":2,\"prop\":2},{\"row\":5,\"col\":0,\"visualRow\":5,\"visualCol\":0,\"prop\":0},{\"row\":5,\"col\":1,\"visualRow\":5,\"visualCol\":1,\"prop\":1},{\"row\":5,\"col\":2,\"visualRow\":5,\"visualCol\":2,\"prop\":2}],[],[]]<\/textarea><textarea data-jtrt-table-id='7688' id='jtrt_table_bps_7688' cols='30' rows='10'>[]<\/textarea><\/div><table id='jtrt_table_7688' data-sorting='false' data-paging='false' data-paging-size='10' data-paging-menu='10,20,50,100' data-filtering='false' data-jtrt-table-id='7688' class='jtrt-table  ' ><thead><tr><th><\/th><th>Financial support from PSO<\/th><th>Your price<\/th><\/tr><\/thead><tbody><tr><td>social scale 1<\/td><td>\u20ac 1.891<\/td><td>\u20ac 1.160<\/td><\/tr><tr><td>social scale 2<\/td><td>\u20ac 1.752<\/td><td>\u20ac 1.299<\/td><\/tr><tr><td>social scale 3<\/td><td>\u20ac 1.601<\/td><td>\u20ac 1.450<\/td><\/tr><tr><td>social scale 4<\/td><td>\u20ac 1.427<\/td><td>\u20ac 1.624<\/td><\/tr><tr><td>social scale 5<\/td><td>\u20ac 1.195<\/td><td>\u20ac 1.856<\/td><\/tr><\/tbody><\/table><\/div><\/div><\/div>\n<\/div>\n<\/div>\n<\/div>\n<\/div>\n<\/div>\n<div id=\"postbox-container-2\" class=\"postbox-container\">\n<div id=\"advanced-sortables\" class=\"meta-box-sortables ui-sortable\">\n<div id=\"jtrt_tables_post\" class=\"\">\n<div class=\"postbox-header\">\n<div class=\"handle-actions hide-if-no-js\"><\/div>\n<\/div>\n<\/div>\n<\/div>\n<\/div>\n<p>Bookings at<br \/>\nHotel Almfrieden****, Ramsau<br \/>\nHotel Moser***, Rohrmoos<br \/>\nHotel Tui Blue, Schladming<br \/>\npossible at request.<\/p>\n<p>You can&#8217;t afford the vacation? Please, get in touch with us and we will work with you to explore your options.<\/p>\n<\/div><\/div><\/div><div class=\"cz_gap clr \" style=\"height: 20px\"><\/div><div id=\"cz_70738\" class=\"cz_70738 cz_title clr cz_title_pos_inline\"><div class=\"cz_title_content\"><div class=\"cz_wpe_content\"><h3>Extras:<\/h3>\n<ul>\n<li>For solo travelers, a surcharge of \u20ac 300 to \u20ac 700 will be charged during the day, depending on the level of support required.<\/li>\n<li>\u20ac 45,- membership fee<\/li>\n<li>Arrival and departure<\/li>\n<li>Drinks<\/li>\n<li>Lunches<\/li>\n<li>Possibly transport on site<\/li>\n<li>Possibly transfer from\/to the station<\/li>\n<li>Souvenirs<\/li>\n<\/ul>\n<\/div><\/div><\/div>[\/vc_column_inner][vc_column_inner width=&#8221;1\/2&#8243;]<div id=\"cz_31096\" class=\"cz_31096 cz_title clr cz_title_pos_inline\"><div class=\"cz_title_content\"><div class=\"cz_wpe_content\"><h3>Non-binding booking request<\/h3>\n\n<div class=\"wpcf7 no-js\" id=\"wpcf7-f1471-o1\" lang=\"de-DE\" dir=\"ltr\">\n<div class=\"screen-reader-response\"><p role=\"status\" aria-live=\"polite\" aria-atomic=\"true\"><\/p> <ul><\/ul><\/div>\n<form action=\"\/en\/wp-json\/wp\/v2\/portfolio\/1987#wpcf7-f1471-o1\" method=\"post\" class=\"wpcf7-form init\" aria-label=\"Kontaktformular\" novalidate=\"novalidate\" data-status=\"init\">\n<div style=\"display: none;\">\n<input type=\"hidden\" name=\"_wpcf7\" value=\"1471\" \/>\n<input type=\"hidden\" name=\"_wpcf7_version\" value=\"5.8.7\" \/>\n<input type=\"hidden\" name=\"_wpcf7_locale\" value=\"de_DE\" \/>\n<input type=\"hidden\" name=\"_wpcf7_unit_tag\" value=\"wpcf7-f1471-o1\" \/>\n<input type=\"hidden\" name=\"_wpcf7_container_post\" value=\"0\" \/>\n<input type=\"hidden\" name=\"_wpcf7_posted_data_hash\" value=\"\" \/>\n<input type=\"hidden\" name=\"_wpcf7_recaptcha_response\" value=\"\" \/>\n<\/div>\n<p><label> Name *<br \/>\n<span class=\"wpcf7-form-control-wrap\" data-name=\"your-name\"><input size=\"40\" class=\"wpcf7-form-control wpcf7-text wpcf7-validates-as-required\" aria-required=\"true\" aria-invalid=\"false\" value=\"\" type=\"text\" name=\"your-name\" \/><\/span> <\/label>\n<\/p>\n<p><label> Mail *<br \/>\n<span class=\"wpcf7-form-control-wrap\" data-name=\"your-email\"><input size=\"40\" class=\"wpcf7-form-control wpcf7-email wpcf7-validates-as-required wpcf7-text wpcf7-validates-as-email\" aria-required=\"true\" aria-invalid=\"false\" value=\"\" type=\"email\" name=\"your-email\" \/><\/span> <\/label>\n<\/p>\n<p><label> Phone *<br \/>\n<span class=\"wpcf7-form-control-wrap\" data-name=\"tel-390\"><input size=\"40\" class=\"wpcf7-form-control wpcf7-tel wpcf7-validates-as-required wpcf7-text wpcf7-validates-as-tel\" aria-required=\"true\" aria-invalid=\"false\" value=\"\" type=\"tel\" name=\"tel-390\" \/><\/span><\/label>\n<\/p>\n<p><label> Request *<br \/>\n<span class=\"wpcf7-form-control-wrap\" data-name=\"your-message\"><textarea cols=\"40\" rows=\"10\" class=\"wpcf7-form-control wpcf7-textarea wpcf7-validates-as-required\" aria-required=\"true\" aria-invalid=\"false\" name=\"your-message\"><\/textarea><\/span> <\/label><br \/>\n<span class=\"wpcf7-form-control-wrap product-name\" data-name=\"product-name\"><input type=\"hidden\" name=\"product-name\" id=\"\" class=\"wpcf7-form-control wpcf7-hidden wpcf7dtx wpcf7dtx-hidden\" aria-invalid=\"false\" value=\"Adaptive hiking week\" \/><\/span><br \/>\n<input class=\"wpcf7-form-control wpcf7-submit has-spinner\" type=\"submit\" value=\"Send request\" \/>\n<\/p><div class=\"wpcf7-response-output\" aria-hidden=\"true\"><\/div>\n<\/form>\n<\/div>\n\n<\/div><\/div><\/div>[\/vc_column_inner][\/vc_row_inner]<\/div><\/div><a class=\"cz_tab_a hide\" data-tab=\"cz_12252\">Included Services<\/a><div id=\"cz_12252\" class=\"cz_tab\"><div><div id=\"cz_22371\" class=\"cz_22371 cz_title clr cz_title_pos_inline\"><div class=\"cz_title_content\"><div class=\"cz_wpe_content\"><h3>Included services &#8211; Adaptive hiking week | 12. &#8211; 17.07.2026<\/h3>\n<ul>\n<li>5 days program incl. all entries<\/li>\n<li>Professional and individual support for all activities by our qualified personnel as well as by our assistants and interns in a small group<\/li>\n<li>4 nights in a wheelchair accessible JUFA-Schladming incl. half board in a double room<\/li>\n<li>1 overnight stay in a cosy hut in the middle of the fascinating mountains around Schladming<\/li>\n<li><strong>NEW &#8211; Test our new all-terrain and electric wheelchairs. There are 3 Swiss-Tracs, 1 e-pilot from the company Alber and a wheelchair with electric push assistance available free of charge.<\/strong><\/li>\n<\/ul>\n<\/div><\/div><\/div><\/div><\/div><a class=\"cz_tab_a hide\" data-tab=\"cz_42967\">Target group<\/a><div id=\"cz_42967\" class=\"cz_tab\"><div><div id=\"cz_35821\" class=\"cz_35821 cz_title clr cz_title_pos_inline\"><div class=\"cz_title_content\"><div class=\"cz_wpe_content\"><h3>Target group &#8211; Adaptive Hiking week | 12. &#8211; 17.07.2026<\/h3>\n<h3><strong>Suitable for adults with a physical disability and without a disability<\/strong><\/h3>\n<p>We try to find suitable activities for everyone, regardless of their disability. All people are different and everyone has different needs! Together we will always find a good solution &#8211; also for you! Thus a barrier-free hiking holiday in the nature and in the mountains becomes a very special experience also with handicap.<\/p>\n<p>We await you! People with physical disabilities can take part in our barrier-free hiking holiday.<\/p>\n<p><strong>Possible disabilities:<\/strong><\/p>\n<ul>\n<li>Cerebral Palsy<\/li>\n<li>Amputation<\/li>\n<li>Spinal cord injury<\/li>\n<li>Paraplegic<\/li>\n<li>Spina Bifida<\/li>\n<li>Multiple sclerosis<\/li>\n<li>Muscle dystrophy<\/li>\n<li>Visual impairment<\/li>\n<li>Head injury, Stroke<\/li>\n<li>\u2026<\/li>\n<\/ul>\n<\/div><\/div><\/div><\/div><\/div><a class=\"cz_tab_a hide\" data-tab=\"cz_13673\">Your holiday at a glance<\/a><div id=\"cz_13673\" class=\"cz_tab\"><div><div id=\"cz_70154\" class=\"cz_70154 cz_title clr cz_title_pos_inline\"><div class=\"cz_title_content\"><div class=\"cz_wpe_content\"><h3>Adaptive Hiking week | 12. &#8211; 17.07.2026<\/h3>\n<h3>Day 1 &#8211; Arrival<\/h3>\n<p>On the day of your arrival we will meet at your accommodation in the late afternoon. There we will get to know each other, give you an overview of the coming week and of course answer all your questions.<\/p>\n<h3>Day 2 &#8211; Disc Golf &amp; Hiking<\/h3>\n<p>In the morning we test our accuracy at Disc Golf on the Hauser Kaibling. Then our hike takes us to the Niederen Tauern. On this day we will go to a quaint alpine hut and enjoy an original Styrian snack.<\/p>\n<h3>Day 3 &#8211; Hike<\/h3>\n<p>Today we will hike to a beautiful mountain lake and enjoy the fantastic scenery of the mountains. Just take a deep breath and refuel!<\/p>\n<h3>Day 3 &#8211; Dachstein<\/h3>\n<p>In the afternoon we already enjoy unforgettable insights into the rugged rocks of the Dachstein massif during the gondola ride at an altitude of almost 3,000 metres. Once at the top, you can enjoy a breathtaking view of the Hohe Tauern on cloudless days. A highlight of this week will be a visit to the Sky-Walk, the most spectacular viewing platform in the Alps!<\/p>\n<h3>Day 4 &#8211; Carriage ride &amp; free afternoon<\/h3>\n<p>The magnificent mountain panorama of the Dachstein and the Niederen Tauern invite you to a relaxing ride in a horse-drawn carriage. After 2 days of physical exertion we have earned our relaxation and can refuel our reserves for the coming days.<\/p>\n<h3>Days 5 and 6 &#8211; Hiking &amp; Archery<\/h3>\n<p>Strengthened and rested another absolute highlight of the week is on the program today! Finally we go on a hut hike in the fascinating mountain world of the Niederen Tauern. In the cosy hut we experience an evening of social get-togethers and cosy &#8220;alpine comfort&#8221;, as well as the excitement of archery. If the weather permits, we will end our last evening together outside with the Dachstein in the background.<\/p>\n<h3>Day 6 &#8211; Departure<\/h3>\n<p>The next morning we will be strengthened from breakfast on the way back. Now it is time to say goodbye to your new acquaintances and the beautiful Schladminger mountain scenery. The journey home takes place individually from the early afternoon.<\/p>\n<\/div><\/div><\/div><\/div><\/div><\/div><\/div>[\/vc_column][\/vc_row][vc_row][vc_column]<div class=\"cz_gap clr  hide_on_tablet hide_on_mobile\" style=\"height: 30px\"><\/div><div class=\"cz_gap show_on_tablet clr  show_only_tablet\" style=\"height: 0px\"><\/div><div class=\"cz_gap show_on_mobile clr\" style=\"height: 0px\"><\/div><div id=\"cz_85031\" class=\"cz_85031 cz_title clr cz_title_pos_inline\"><div class=\"cz_title_content\"><div class=\"cz_wpe_content\"><h1>Further offers<\/h1>\n<\/div><\/div><\/div><div class=\"cz_gap clr \" style=\"height: 30px\"><\/div><div id=\"cz_89854\" class=\"cz_89854 slick arrows_mlr dots_bc dots_circle dots_inner arrows_inner arrows_show_on_hover overflow_visible\" data-slick='{\"selector\":\"\",\"slidesToShow\":4,\"slidesToScroll\":1,\"rows\":1,\"fade\":false,\"vertical\":false,\"verticalSwiping\":false,\"infinite\":true,\"speed\":1000,\"centerMode\":false,\"centerPadding\":\"\",\"variableWidth\":false,\"autoplay\":false,\"autoplaySpeed\":4000,\"dots\":true,\"adaptiveHeight\":true,\"prevArrow\":\"<button type=\\\"button\\\" class=\\\"slick-prev\\\"><i class=\\\"fa fa-chevron-left\\\"><\\\/i><\\\/button>\",\"nextArrow\":\"<button type=\\\"button\\\" class=\\\"slick-next\\\"><i class=\\\"fa fa-chevron-right\\\"><\\\/i><\\\/button>\",\"responsive\":[{\"breakpoint\":768,\"settings\":{\"slidesToShow\":2,\"slidesToScroll\":1,\"touchMove\":true}},{\"breakpoint\":480,\"settings\":{\"slidesToShow\":1,\"slidesToScroll\":1,\"touchMove\":true}}]}'><div id=\"cz_16552\" class=\"cz_16552\"><div class=\"cz_grid cz_grid_1 clr cz_grid_carousel cz_grid_1_title_sub_after cz_grid_1_has_excerpt cz_grid_1_subtitle_on_img cz_grid_1_bot tal cz_grid_1_hide_on_hover\" data-atts='{\"lang\":\"en\",\"action\":\"cz_ajax_posts\",\"post_class\":\"cz_grid_item\",\"post__in\":null,\"nonce\":\"7f5e087fa4\",\"nonce_id\":\"cz_16552\",\"loadmore_end\":\"Not found more posts\",\"hover\":\"cz_grid_1_title_sub_after cz_grid_1_has_excerpt cz_grid_1_subtitle_on_img\",\"image_size\":\"codevz_600_600\",\"subtitles\":\"%5B%7B%22t%22%3A%22date%22%7D%5D\",\"subtitle_pos\":\"\",\"icon\":\"fa fa-search\",\"el\":\"\",\"cat\":\"84\",\"tag_id\":\"\",\"offset\":0,\"post_type\":\"portfolio\",\"posts_per_page\":\"\",\"order\":\"ASC\",\"orderby\":\"title\",\"tilt_data\":null,\"svg_sizes\":[\"600\",\"600\"],\"s\":\"\"}'><div class=\"cz_grid_item cz_grid_first\"><\/div><div class=\"cz_grid_item post-2049 portfolio type-portfolio status-publish has-post-thumbnail hentry portfolio_cat-summer\"><div><a class=\"cz_grid_link cz_grid_zoom_in\" href=\"https:\/\/www.freizeit-pso.at\/en\/specials\/time-out-day-for-parents\/\"><img width=\"500\" height=\"420\" src=\"https:\/\/www.freizeit-pso.at\/wp-content\/uploads\/2018\/08\/Weitere-Angebote-Auszeit-Tag.jpg\" class=\"attachment-codevz_600_600 size-codevz_600_600 wp-post-image\" alt=\"Auszeit-Tag f\u00fcr Eltern\" decoding=\"async\" loading=\"lazy\" srcset=\"https:\/\/www.freizeit-pso.at\/wp-content\/uploads\/2018\/08\/Weitere-Angebote-Auszeit-Tag.jpg 500w, https:\/\/www.freizeit-pso.at\/wp-content\/uploads\/2018\/08\/Weitere-Angebote-Auszeit-Tag-300x252.jpg 300w\" sizes=\"(max-width: 500px) 100vw, 500px\" title=\"Auszeit-Tag f\u00fcr Eltern\" \/><div class=\"cz_grid_details\"><small class=\"clr\"><span class=\"cz_post_data cz_data_date\">29. August 2018<\/span><\/small><\/div><\/a><div class=\"cz_grid_details cz_grid_details_outside\"><a class=\"cz_grid_title\" href=\"https:\/\/www.freizeit-pso.at\/en\/specials\/time-out-day-for-parents\/\"><h3>&#8220;Time out day&#8221; for parents<\/h3><\/a><div class=\"cz_post_excerpt\">Refuel for parents and a special day for children!<\/div><\/div><\/div><\/div><div class=\"cz_grid_item post-1987 portfolio type-portfolio status-publish has-post-thumbnail hentry portfolio_cat-summer\"><div><a class=\"cz_grid_link cz_grid_zoom_in\" href=\"https:\/\/www.freizeit-pso.at\/en\/specials\/adaptive-hiking-week\/\"><img width=\"500\" height=\"420\" src=\"https:\/\/www.freizeit-pso.at\/wp-content\/uploads\/2018\/08\/Weitere-Angebote-Wanderwoche2.jpg\" class=\"attachment-codevz_600_600 size-codevz_600_600 wp-post-image\" alt=\"barrierefreier Wanderurlaub f\u00fcr Gem\u00fctliche\" decoding=\"async\" loading=\"lazy\" srcset=\"https:\/\/www.freizeit-pso.at\/wp-content\/uploads\/2018\/08\/Weitere-Angebote-Wanderwoche2.jpg 500w, https:\/\/www.freizeit-pso.at\/wp-content\/uploads\/2018\/08\/Weitere-Angebote-Wanderwoche2-300x252.jpg 300w\" sizes=\"(max-width: 500px) 100vw, 500px\" title=\"barrierefreier Wanderurlaub f\u00fcr Gem\u00fctliche\" \/><div class=\"cz_grid_details\"><small class=\"clr\"><span class=\"cz_post_data cz_data_date\">29. August 2018<\/span><\/small><\/div><\/a><div class=\"cz_grid_details cz_grid_details_outside\"><a class=\"cz_grid_title\" href=\"https:\/\/www.freizeit-pso.at\/en\/specials\/adaptive-hiking-week\/\"><h3>Adaptive hiking week<\/h3><\/a><div class=\"cz_post_excerpt\">Mountain & nature experience<\/div><\/div><\/div><\/div><div class=\"cz_grid_item post-2141 portfolio type-portfolio status-publish has-post-thumbnail hentry portfolio_cat-summer\"><div><a class=\"cz_grid_link cz_grid_zoom_in\" href=\"https:\/\/www.freizeit-pso.at\/en\/specials\/families-adventure-holidays\/\"><img width=\"500\" height=\"420\" src=\"https:\/\/www.freizeit-pso.at\/wp-content\/uploads\/2018\/09\/Weitere-Angebote-Familien-A.jpg\" class=\"attachment-codevz_600_600 size-codevz_600_600 wp-post-image\" alt=\"\" decoding=\"async\" loading=\"lazy\" srcset=\"https:\/\/www.freizeit-pso.at\/wp-content\/uploads\/2018\/09\/Weitere-Angebote-Familien-A.jpg 500w, https:\/\/www.freizeit-pso.at\/wp-content\/uploads\/2018\/09\/Weitere-Angebote-Familien-A-300x252.jpg 300w\" sizes=\"(max-width: 500px) 100vw, 500px\" title=\"barrierefreier Familien-Abenteuer-Urlaub\" \/><div class=\"cz_grid_details\"><small class=\"clr\"><span class=\"cz_post_data cz_data_date\">3. September 2018<\/span><\/small><\/div><\/a><div class=\"cz_grid_details cz_grid_details_outside\"><a class=\"cz_grid_title\" href=\"https:\/\/www.freizeit-pso.at\/en\/specials\/families-adventure-holidays\/\"><h3>Families &#8211; Adventure &#8211; Holidays<\/h3><\/a><div class=\"cz_post_excerpt\">A holiday for the whole family<\/div><\/div><\/div><\/div><div class=\"cz_grid_item post-2179 portfolio type-portfolio status-publish has-post-thumbnail hentry portfolio_cat-summer\"><div><a class=\"cz_grid_link cz_grid_zoom_in\" href=\"https:\/\/www.freizeit-pso.at\/en\/specials\/holiday-camp-for-teenagers-with-learning-disabilities\/\"><img width=\"500\" height=\"420\" src=\"https:\/\/www.freizeit-pso.at\/wp-content\/uploads\/2018\/09\/Weitere-Angebote-Downie.jpg\" class=\"attachment-codevz_600_600 size-codevz_600_600 wp-post-image\" alt=\"Feriencamp f\u00fcr Menschen mit Lernbehinderung\" decoding=\"async\" loading=\"lazy\" srcset=\"https:\/\/www.freizeit-pso.at\/wp-content\/uploads\/2018\/09\/Weitere-Angebote-Downie.jpg 500w, https:\/\/www.freizeit-pso.at\/wp-content\/uploads\/2018\/09\/Weitere-Angebote-Downie-300x252.jpg 300w\" sizes=\"(max-width: 500px) 100vw, 500px\" title=\"Feriencamp f\u00fcr Menschen mit Lernbehinderung\" \/><div class=\"cz_grid_details\"><small class=\"clr\"><span class=\"cz_post_data cz_data_date\">3. September 2018<\/span><\/small><\/div><\/a><div class=\"cz_grid_details cz_grid_details_outside\"><a class=\"cz_grid_title\" href=\"https:\/\/www.freizeit-pso.at\/en\/specials\/holiday-camp-for-teenagers-with-learning-disabilities\/\"><h3>Holiday camp for teenagers with learning disabilities<\/h3><\/a><div class=\"cz_post_excerpt\">With 24 hour support<\/div><\/div><\/div><\/div><div class=\"cz_grid_item post-2206 portfolio type-portfolio status-publish has-post-thumbnail hentry portfolio_cat-summer\"><div><a class=\"cz_grid_link cz_grid_zoom_in\" href=\"https:\/\/www.freizeit-pso.at\/en\/specials\/holidays-for-individualists-groups-institutions-schools\/\"><img width=\"500\" height=\"420\" src=\"https:\/\/www.freizeit-pso.at\/wp-content\/uploads\/2018\/09\/Weitere-Angebote-Individual.jpg\" class=\"attachment-codevz_600_600 size-codevz_600_600 wp-post-image\" alt=\"barrierefreie Urlaube f\u00fcr Individualisten &amp; Gruppen\" decoding=\"async\" loading=\"lazy\" srcset=\"https:\/\/www.freizeit-pso.at\/wp-content\/uploads\/2018\/09\/Weitere-Angebote-Individual.jpg 500w, https:\/\/www.freizeit-pso.at\/wp-content\/uploads\/2018\/09\/Weitere-Angebote-Individual-300x252.jpg 300w\" sizes=\"(max-width: 500px) 100vw, 500px\" title=\"barrierefreie Urlaube f\u00fcr Individualisten &amp; Gruppen\" \/><div class=\"cz_grid_details\"><small class=\"clr\"><span class=\"cz_post_data cz_data_date\">4. September 2018<\/span><\/small><\/div><\/a><div class=\"cz_grid_details cz_grid_details_outside\"><a class=\"cz_grid_title\" href=\"https:\/\/www.freizeit-pso.at\/en\/specials\/holidays-for-individualists-groups-institutions-schools\/\"><h3>Holidays for individualists &#038; groups<\/h3><\/a><div class=\"cz_post_excerpt\">Personal & individually planned<\/div><\/div><\/div><\/div><div class=\"cz_grid_item post-2184 portfolio type-portfolio status-publish has-post-thumbnail hentry portfolio_cat-summer\"><div><a class=\"cz_grid_link cz_grid_zoom_in\" href=\"https:\/\/www.freizeit-pso.at\/en\/specials\/multi-activity-week-date1\/\"><img width=\"500\" height=\"420\" src=\"https:\/\/www.freizeit-pso.at\/wp-content\/uploads\/2018\/08\/Weitere-Angebote-Wanderwoche.jpg\" class=\"attachment-codevz_600_600 size-codevz_600_600 wp-post-image\" alt=\"barrierefreier Wanderurlaub f\u00fcr Gem\u00fctliche\" decoding=\"async\" loading=\"lazy\" srcset=\"https:\/\/www.freizeit-pso.at\/wp-content\/uploads\/2018\/08\/Weitere-Angebote-Wanderwoche.jpg 500w, https:\/\/www.freizeit-pso.at\/wp-content\/uploads\/2018\/08\/Weitere-Angebote-Wanderwoche-300x252.jpg 300w\" sizes=\"(max-width: 500px) 100vw, 500px\" title=\"barrierefreier Wanderurlaub f\u00fcr Gem\u00fctliche\" \/><div class=\"cz_grid_details\"><small class=\"clr\"><span class=\"cz_post_data cz_data_date\">3. September 2018<\/span><\/small><\/div><\/a><div class=\"cz_grid_details cz_grid_details_outside\"><a class=\"cz_grid_title\" href=\"https:\/\/www.freizeit-pso.at\/en\/specials\/multi-activity-week-date1\/\"><h3>Multi-Activity-Week | Date 1<\/h3><\/a><div class=\"cz_post_excerpt\">Relax, move, recharge your batteries and more<\/div><\/div><\/div><\/div><div class=\"cz_grid_item post-2146 portfolio type-portfolio status-publish has-post-thumbnail hentry portfolio_cat-summer\"><div><a class=\"cz_grid_link cz_grid_zoom_in\" href=\"https:\/\/www.freizeit-pso.at\/en\/specials\/multi-adventure-vacation\/\"><img width=\"500\" height=\"420\" src=\"https:\/\/www.freizeit-pso.at\/wp-content\/uploads\/2018\/09\/weitere-Angebote2.jpg\" class=\"attachment-codevz_600_600 size-codevz_600_600 wp-post-image\" alt=\"Multi-Abenteuer-Urlaub f\u00fcr Fu\u00dfg\u00e4nger\" decoding=\"async\" loading=\"lazy\" srcset=\"https:\/\/www.freizeit-pso.at\/wp-content\/uploads\/2018\/09\/weitere-Angebote2.jpg 500w, https:\/\/www.freizeit-pso.at\/wp-content\/uploads\/2018\/09\/weitere-Angebote2-300x252.jpg 300w\" sizes=\"(max-width: 500px) 100vw, 500px\" title=\"Multi-Abenteuer-Urlaub f\u00fcr Fu\u00dfg\u00e4nger\" \/><div class=\"cz_grid_details\"><small class=\"clr\"><span class=\"cz_post_data cz_data_date\">3. September 2018<\/span><\/small><\/div><\/a><div class=\"cz_grid_details cz_grid_details_outside\"><a class=\"cz_grid_title\" href=\"https:\/\/www.freizeit-pso.at\/en\/specials\/multi-adventure-vacation\/\"><h3>Multi-Adventure Vacation<\/h3><\/a><div class=\"cz_post_excerpt\">An eventful, barrier-free active week awaits you<\/div><\/div><\/div><\/div><div class=\"cz_grid_item post-2084 portfolio type-portfolio status-publish has-post-thumbnail hentry portfolio_cat-summer\"><div><a class=\"cz_grid_link cz_grid_zoom_in\" href=\"https:\/\/www.freizeit-pso.at\/en\/specials\/time-out-holidays-for-families\/\"><img width=\"500\" height=\"420\" src=\"https:\/\/www.freizeit-pso.at\/wp-content\/uploads\/2018\/08\/Weitere-Angebote-Auszeit-Urlaub.jpg\" class=\"attachment-codevz_600_600 size-codevz_600_600 wp-post-image\" alt=\"barrierefreier Auszeit-Urlaub\" decoding=\"async\" loading=\"lazy\" srcset=\"https:\/\/www.freizeit-pso.at\/wp-content\/uploads\/2018\/08\/Weitere-Angebote-Auszeit-Urlaub.jpg 500w, https:\/\/www.freizeit-pso.at\/wp-content\/uploads\/2018\/08\/Weitere-Angebote-Auszeit-Urlaub-300x252.jpg 300w\" sizes=\"(max-width: 500px) 100vw, 500px\" title=\"barrierefreier Auszeit-Urlaub\" \/><div class=\"cz_grid_details\"><small class=\"clr\"><span class=\"cz_post_data cz_data_date\">30. August 2018<\/span><\/small><\/div><\/a><div class=\"cz_grid_details cz_grid_details_outside\"><a class=\"cz_grid_title\" href=\"https:\/\/www.freizeit-pso.at\/en\/specials\/time-out-holidays-for-families\/\"><h3>Time out \u2013 Holidays for families<\/h3><\/a><div class=\"cz_post_excerpt\">5 days children adventure, 5 days parents time-out<\/div><\/div><\/div><\/div><\/div><\/div><\/div><div data-cz-style='#cz_89854 .slick-slide { margin: 0 2px }'><\/div>[\/vc_column][\/vc_row]<\/p>\n","protected":false},"excerpt":{"rendered":"<p>Mountain &#038; nature experience<\/p>\n","protected":false},"author":1,"featured_media":2607,"comment_status":"closed","ping_status":"closed","template":"","meta":{"inline_featured_image":false},"yoast_head":"<!-- This site is optimized with the Yoast SEO plugin v21.8 - https:\/\/yoast.com\/wordpress\/plugins\/seo\/ -->\n<title>Adaptive hiking week - PSOactive - Holidays for people with disabilities<\/title>\n<meta name=\"description\" content=\"This integrative hiking week is aimed at people with disabilities. The barrier-free activities take place in the Schladming area.\" \/>\n<meta name=\"robots\" content=\"index, follow, max-snippet:-1, max-image-preview:large, max-video-preview:-1\" \/>\n<link rel=\"canonical\" href=\"https:\/\/www.freizeit-pso.at\/en\/specials\/adaptive-hiking-week\/\" \/>\n<meta property=\"og:locale\" content=\"en_US\" \/>\n<meta property=\"og:type\" content=\"article\" \/>\n<meta property=\"og:title\" content=\"Adaptive hiking week - PSOactive - Holidays for people with disabilities\" \/>\n<meta property=\"og:description\" content=\"This integrative hiking week is aimed at people with disabilities. The barrier-free activities take place in the Schladming area.\" \/>\n<meta property=\"og:url\" content=\"https:\/\/www.freizeit-pso.at\/en\/specials\/adaptive-hiking-week\/\" \/>\n<meta property=\"og:site_name\" content=\"PSOactive\" \/>\n<meta property=\"article:modified_time\" content=\"2025-10-02T11:34:27+00:00\" \/>\n<meta property=\"og:image\" content=\"https:\/\/www.freizeit-pso.at\/wp-content\/uploads\/2018\/08\/Weitere-Angebote-Wanderwoche2.jpg\" \/>\n\t<meta property=\"og:image:width\" content=\"500\" \/>\n\t<meta property=\"og:image:height\" content=\"420\" \/>\n\t<meta property=\"og:image:type\" content=\"image\/jpeg\" \/>\n<meta name=\"twitter:card\" content=\"summary_large_image\" \/>\n<meta name=\"twitter:label1\" content=\"Est. reading time\" \/>\n\t<meta name=\"twitter:data1\" content=\"6 minutes\" \/>\n<script type=\"application\/ld+json\" class=\"yoast-schema-graph\">{\"@context\":\"https:\/\/schema.org\",\"@graph\":[{\"@type\":\"WebPage\",\"@id\":\"https:\/\/www.freizeit-pso.at\/en\/specials\/adaptive-hiking-week\/\",\"url\":\"https:\/\/www.freizeit-pso.at\/en\/specials\/adaptive-hiking-week\/\",\"name\":\"Adaptive hiking week - PSOactive - Holidays for people with disabilities\",\"isPartOf\":{\"@id\":\"https:\/\/www.freizeit-pso.at\/#website\"},\"datePublished\":\"2018-08-29T05:58:45+00:00\",\"dateModified\":\"2025-10-02T11:34:27+00:00\",\"description\":\"This integrative hiking week is aimed at people with disabilities. The barrier-free activities take place in the Schladming area.\",\"breadcrumb\":{\"@id\":\"https:\/\/www.freizeit-pso.at\/en\/specials\/adaptive-hiking-week\/#breadcrumb\"},\"inLanguage\":\"en-US\",\"potentialAction\":[{\"@type\":\"ReadAction\",\"target\":[\"https:\/\/www.freizeit-pso.at\/en\/specials\/adaptive-hiking-week\/\"]}]},{\"@type\":\"BreadcrumbList\",\"@id\":\"https:\/\/www.freizeit-pso.at\/en\/specials\/adaptive-hiking-week\/#breadcrumb\",\"itemListElement\":[{\"@type\":\"ListItem\",\"position\":1,\"name\":\"Startseite\",\"item\":\"https:\/\/www.freizeit-pso.at\/en\/\"},{\"@type\":\"ListItem\",\"position\":2,\"name\":\"Angebote & Jobs\",\"item\":\"https:\/\/www.freizeit-pso.at\/specials\/\"},{\"@type\":\"ListItem\",\"position\":3,\"name\":\"Adaptive hiking week\"}]},{\"@type\":\"WebSite\",\"@id\":\"https:\/\/www.freizeit-pso.at\/#website\",\"url\":\"https:\/\/www.freizeit-pso.at\/\",\"name\":\"PSOactive\",\"description\":\"Holidays for people with disabilities\",\"potentialAction\":[{\"@type\":\"SearchAction\",\"target\":{\"@type\":\"EntryPoint\",\"urlTemplate\":\"https:\/\/www.freizeit-pso.at\/?s={search_term_string}\"},\"query-input\":\"required name=search_term_string\"}],\"inLanguage\":\"en-US\"}]}<\/script>\n<!-- \/ Yoast SEO plugin. -->","yoast_head_json":{"title":"Adaptive hiking week - PSOactive - Holidays for people with disabilities","description":"This integrative hiking week is aimed at people with disabilities. The barrier-free activities take place in the Schladming area.","robots":{"index":"index","follow":"follow","max-snippet":"max-snippet:-1","max-image-preview":"max-image-preview:large","max-video-preview":"max-video-preview:-1"},"canonical":"https:\/\/www.freizeit-pso.at\/en\/specials\/adaptive-hiking-week\/","og_locale":"en_US","og_type":"article","og_title":"Adaptive hiking week - PSOactive - Holidays for people with disabilities","og_description":"This integrative hiking week is aimed at people with disabilities. The barrier-free activities take place in the Schladming area.","og_url":"https:\/\/www.freizeit-pso.at\/en\/specials\/adaptive-hiking-week\/","og_site_name":"PSOactive","article_modified_time":"2025-10-02T11:34:27+00:00","og_image":[{"width":500,"height":420,"url":"https:\/\/www.freizeit-pso.at\/wp-content\/uploads\/2018\/08\/Weitere-Angebote-Wanderwoche2.jpg","type":"image\/jpeg"}],"twitter_card":"summary_large_image","twitter_misc":{"Est. reading time":"6 minutes"},"schema":{"@context":"https:\/\/schema.org","@graph":[{"@type":"WebPage","@id":"https:\/\/www.freizeit-pso.at\/en\/specials\/adaptive-hiking-week\/","url":"https:\/\/www.freizeit-pso.at\/en\/specials\/adaptive-hiking-week\/","name":"Adaptive hiking week - PSOactive - Holidays for people with disabilities","isPartOf":{"@id":"https:\/\/www.freizeit-pso.at\/#website"},"datePublished":"2018-08-29T05:58:45+00:00","dateModified":"2025-10-02T11:34:27+00:00","description":"This integrative hiking week is aimed at people with disabilities. The barrier-free activities take place in the Schladming area.","breadcrumb":{"@id":"https:\/\/www.freizeit-pso.at\/en\/specials\/adaptive-hiking-week\/#breadcrumb"},"inLanguage":"en-US","potentialAction":[{"@type":"ReadAction","target":["https:\/\/www.freizeit-pso.at\/en\/specials\/adaptive-hiking-week\/"]}]},{"@type":"BreadcrumbList","@id":"https:\/\/www.freizeit-pso.at\/en\/specials\/adaptive-hiking-week\/#breadcrumb","itemListElement":[{"@type":"ListItem","position":1,"name":"Startseite","item":"https:\/\/www.freizeit-pso.at\/en\/"},{"@type":"ListItem","position":2,"name":"Angebote & Jobs","item":"https:\/\/www.freizeit-pso.at\/specials\/"},{"@type":"ListItem","position":3,"name":"Adaptive hiking week"}]},{"@type":"WebSite","@id":"https:\/\/www.freizeit-pso.at\/#website","url":"https:\/\/www.freizeit-pso.at\/","name":"PSOactive","description":"Holidays for people with disabilities","potentialAction":[{"@type":"SearchAction","target":{"@type":"EntryPoint","urlTemplate":"https:\/\/www.freizeit-pso.at\/?s={search_term_string}"},"query-input":"required name=search_term_string"}],"inLanguage":"en-US"}]}},"_links":{"self":[{"href":"https:\/\/www.freizeit-pso.at\/en\/wp-json\/wp\/v2\/portfolio\/1987"}],"collection":[{"href":"https:\/\/www.freizeit-pso.at\/en\/wp-json\/wp\/v2\/portfolio"}],"about":[{"href":"https:\/\/www.freizeit-pso.at\/en\/wp-json\/wp\/v2\/types\/portfolio"}],"author":[{"embeddable":true,"href":"https:\/\/www.freizeit-pso.at\/en\/wp-json\/wp\/v2\/users\/1"}],"replies":[{"embeddable":true,"href":"https:\/\/www.freizeit-pso.at\/en\/wp-json\/wp\/v2\/comments?post=1987"}],"wp:featuredmedia":[{"embeddable":true,"href":"https:\/\/www.freizeit-pso.at\/en\/wp-json\/wp\/v2\/media\/2607"}],"wp:attachment":[{"href":"https:\/\/www.freizeit-pso.at\/en\/wp-json\/wp\/v2\/media?parent=1987"}],"curies":[{"name":"wp","href":"https:\/\/api.w.org\/{rel}","templated":true}]}}